{"id":4703,"date":"2024-09-24T09:49:57","date_gmt":"2024-09-24T07:49:57","guid":{"rendered":"https:\/\/www.frimeca.ch\/ausbildungszentrum\/"},"modified":"2026-04-17T10:23:37","modified_gmt":"2026-04-17T08:23:37","slug":"ausbildungszentrum","status":"publish","type":"page","link":"https:\/\/www.frimeca.ch\/de\/ausbildungszentrum\/","title":{"rendered":"Ausbildungszentrum"},"content":{"rendered":"\t\t<div data-elementor-type=\"wp-page\" data-elementor-id=\"4703\" class=\"elementor elementor-4703 elementor-440\" data-elementor-post-type=\"page\">\n\t\t\t\t<div class=\"elementor-element elementor-element-39d29e8f e-con-full fr-t1-container animated-slow e-flex elementor-invisible e-con e-parent\" data-id=\"39d29e8f\" data-element_type=\"container\" data-e-type=\"container\" data-settings=\"{&quot;background_background&quot;:&quot;classic&quot;,&quot;background_motion_fx_motion_fx_scrolling&quot;:&quot;yes&quot;,&quot;background_motion_fx_translateY_effect&quot;:&quot;yes&quot;,&quot;background_motion_fx_translateY_speed&quot;:{&quot;unit&quot;:&quot;px&quot;,&quot;size&quot;:8,&quot;sizes&quot;:[]},&quot;background_motion_fx_translateY_affectedRange&quot;:{&quot;unit&quot;:&quot;%&quot;,&quot;size&quot;:&quot;&quot;,&quot;sizes&quot;:{&quot;start&quot;:0,&quot;end&quot;:53}},&quot;animation&quot;:&quot;fadeIn&quot;,&quot;background_motion_fx_devices&quot;:[&quot;desktop&quot;]}\">\n\t\t<div class=\"elementor-element elementor-element-26f997c e-con-full animated-slow e-flex elementor-invisible e-con e-child\" data-id=\"26f997c\" data-element_type=\"container\" data-e-type=\"container\" data-settings=\"{&quot;animation&quot;:&quot;fadeIn&quot;,&quot;animation_delay&quot;:300}\">\n\t\t\t\t<div class=\"elementor-element elementor-element-5a6d9344 elementor-widget elementor-widget-heading\" data-id=\"5a6d9344\" data-element_type=\"widget\" data-e-type=\"widget\" data-widget_type=\"heading.default\">\n\t\t\t\t<div class=\"elementor-widget-container\">\n\t\t\t\t\t<h2 class=\"elementor-heading-title elementor-size-default\">Frimeca in wenigen Worten<\/h2>\t\t\t\t<\/div>\n\t\t\t\t<\/div>\n\t\t\t\t<\/div>\n\t\t<div class=\"elementor-element elementor-element-c0265e0 e-con-full animated-slow e-flex elementor-invisible e-con e-child\" data-id=\"c0265e0\" data-element_type=\"container\" data-e-type=\"container\" data-settings=\"{&quot;animation&quot;:&quot;fadeIn&quot;,&quot;animation_delay&quot;:500}\">\n\t\t\t\t<div class=\"elementor-element elementor-element-73b33b5 elementor-widget elementor-widget-html\" data-id=\"73b33b5\" data-element_type=\"widget\" data-e-type=\"widget\" data-widget_type=\"html.default\">\n\t\t\t\t<div class=\"elementor-widget-container\">\n\t\t\t\t\t<a href=\"https:\/\/www.frimeca.ch\/de\/kontakt\/\" class=\"blanc-fr-button-hover-svg\">\n    <span class=\"fr-text\">Kontaktieren Sie uns<\/span>\n    <svg viewbox=\"0 0 500 150\" class=\"blanc-fr-line-svg\">\n        <path d=\"M7.7,145.6C109,125,299.9,116.2,401,121.3c42.1,2.2,87.6,11.8,87.3,25.7\" stroke=\"currentColor\" fill=\"transparent\" stroke-width=\"8\"\/>\n    <\/svg>\n<\/a>\n\t\t\t\t<\/div>\n\t\t\t\t<\/div>\n\t\t\t\t<\/div>\n\t\t\t\t<\/div>\n\t\t<div class=\"elementor-element elementor-element-68bd1587 e-con-full elementor-hidden-mobile e-flex e-con e-parent\" data-id=\"68bd1587\" data-element_type=\"container\" data-e-type=\"container\" data-settings=\"{&quot;motion_fx_motion_fx_scrolling&quot;:&quot;yes&quot;,&quot;motion_fx_translateY_effect&quot;:&quot;yes&quot;,&quot;motion_fx_translateY_speed&quot;:{&quot;unit&quot;:&quot;px&quot;,&quot;size&quot;:2,&quot;sizes&quot;:[]},&quot;motion_fx_translateY_affectedRange&quot;:{&quot;unit&quot;:&quot;%&quot;,&quot;size&quot;:&quot;&quot;,&quot;sizes&quot;:{&quot;start&quot;:0,&quot;end&quot;:32}},&quot;motion_fx_opacity_effect&quot;:&quot;yes&quot;,&quot;motion_fx_opacity_level&quot;:{&quot;unit&quot;:&quot;px&quot;,&quot;size&quot;:5.5999999999999996447286321199499070644378662109375,&quot;sizes&quot;:[]},&quot;motion_fx_opacity_range&quot;:{&quot;unit&quot;:&quot;%&quot;,&quot;size&quot;:&quot;&quot;,&quot;sizes&quot;:{&quot;start&quot;:0,&quot;end&quot;:30}},&quot;motion_fx_devices&quot;:[&quot;desktop&quot;],&quot;motion_fx_opacity_direction&quot;:&quot;out-in&quot;}\">\n\t\t\t\t<div class=\"elementor-element elementor-element-8956ebc animated-slow elementor-widget-tablet__width-initial elementor-headline--style-highlight elementor-invisible elementor-widget elementor-widget-animated-headline\" data-id=\"8956ebc\" data-element_type=\"widget\" data-e-type=\"widget\" data-settings=\"{&quot;highlighted_text&quot;:&quot;Das Ziel  &quot;,&quot;_animation&quot;:&quot;slideInUp&quot;,&quot;_animation_tablet&quot;:&quot;none&quot;,&quot;headline_style&quot;:&quot;highlight&quot;,&quot;marker&quot;:&quot;circle&quot;,&quot;highlight_animation_duration&quot;:1200}\" data-widget_type=\"animated-headline.default\">\n\t\t\t\t<div class=\"elementor-widget-container\">\n\t\t\t\t\t\t\t<h2 class=\"elementor-headline\">\n\t\t\t\t<span class=\"elementor-headline-dynamic-wrapper elementor-headline-text-wrapper\">\n\t\t\t\t\t<span class=\"elementor-headline-dynamic-text elementor-headline-text-active\">Das Ziel  <\/span>\n\t\t\t\t<\/span>\n\t\t\t\t\t<span class=\"elementor-headline-plain-text elementor-headline-text-wrapper\">des Berufsbildungszentrums von Frimeca: F\u00f6rderung und Ausbildung der Talente von morgen<\/span>\n\t\t\t\t\t<\/h2>\n\t\t\t\t\t\t<\/div>\n\t\t\t\t<\/div>\n\t\t\t\t<div class=\"elementor-element elementor-element-78bfec94 elementor-invisible elementor-widget elementor-widget-text-editor\" data-id=\"78bfec94\" data-element_type=\"widget\" data-e-type=\"widget\" data-settings=\"{&quot;_animation&quot;:&quot;slideInUp&quot;,&quot;_animation_delay&quot;:200}\" data-widget_type=\"text-editor.default\">\n\t\t\t\t<div class=\"elementor-widget-container\">\n\t\t\t\t\t\t\t\t\t<p>Frimeca vereint die Freiburger Unternehmen, die im Bereich der industriellen Technik (Mechanik, Zeichnen, Automation und Elektronik) t\u00e4tig sind. Das Ziel ist es, das Kompetenzniveau der Mitglieder durch die berufliche Erstausbildung und deren F\u00f6rderung zu erh\u00f6hen.<\/p><p>Sie organisiert einerseits \u00fcberbetriebliche Kurse f\u00fcr Lernende in allen Berufen, f\u00fcr die ein staatlicher Auftrag erteilt wurde. Andererseits bietet sie eine ein- oder zweij\u00e4hrige Vollzeit-Grundausbildung in ihrem Berufsbildungszentrum an.<\/p><p>Frimeca beteiligt sich auch aktiv an der Berufsf\u00f6rderung der Branche.<\/p>\t\t\t\t\t\t\t\t<\/div>\n\t\t\t\t<\/div>\n\t\t\t\t<\/div>\n\t\t<div class=\"elementor-element elementor-element-ae15198 e-con-full elementor-hidden-desktop elementor-hidden-tablet e-flex e-con e-parent\" data-id=\"ae15198\" data-element_type=\"container\" data-e-type=\"container\">\n\t\t\t\t<div class=\"elementor-element elementor-element-f1e53a1 elementor-widget elementor-widget-shortcode\" data-id=\"f1e53a1\" data-element_type=\"widget\" data-e-type=\"widget\" data-widget_type=\"shortcode.default\">\n\t\t\t\t<div class=\"elementor-widget-container\">\n\t\t\t\t\t\t\t<div class=\"elementor-shortcode\">\t\t<div data-elementor-type=\"container\" data-elementor-id=\"4692\" class=\"elementor elementor-4692 elementor-123 elementor-123\" data-elementor-post-type=\"elementor_library\">\n\t\t\t\t<div class=\"elementor-element elementor-element-1098e163 e-con-full e-flex e-con e-parent\" data-id=\"1098e163\" data-element_type=\"container\" data-e-type=\"container\" id=\"fr-cont-max\">\n\t\t<div class=\"elementor-element elementor-element-2f8b702f e-con-full e-flex e-con e-child\" data-id=\"2f8b702f\" data-element_type=\"container\" data-e-type=\"container\" data-settings=\"{&quot;motion_fx_motion_fx_scrolling&quot;:&quot;yes&quot;,&quot;motion_fx_translateY_effect&quot;:&quot;yes&quot;,&quot;motion_fx_translateY_speed&quot;:{&quot;unit&quot;:&quot;px&quot;,&quot;size&quot;:2,&quot;sizes&quot;:[]},&quot;motion_fx_translateY_affectedRange&quot;:{&quot;unit&quot;:&quot;%&quot;,&quot;size&quot;:&quot;&quot;,&quot;sizes&quot;:{&quot;start&quot;:30,&quot;end&quot;:65}},&quot;motion_fx_devices&quot;:[&quot;desktop&quot;]}\">\n\t\t\t\t<div class=\"elementor-element elementor-element-aaa7db2 animated-slow elementor-invisible elementor-widget elementor-widget-heading\" data-id=\"aaa7db2\" data-element_type=\"widget\" data-e-type=\"widget\" data-settings=\"{&quot;_animation&quot;:&quot;fadeIn&quot;,&quot;_animation_delay&quot;:200,&quot;_animation_tablet&quot;:&quot;none&quot;}\" data-widget_type=\"heading.default\">\n\t\t\t\t<div class=\"elementor-widget-container\">\n\t\t\t\t\t<h3 class=\"elementor-heading-title elementor-size-default\">Entdecken Sie unsere Campus Le Vivier 15<\/h3>\t\t\t\t<\/div>\n\t\t\t\t<\/div>\n\t\t\t\t<div class=\"elementor-element elementor-element-1af7e917 animated-slow elementor-mobile-align-center elementor-icon-list--layout-traditional elementor-list-item-link-full_width elementor-invisible elementor-widget elementor-widget-icon-list\" data-id=\"1af7e917\" data-element_type=\"widget\" data-e-type=\"widget\" data-settings=\"{&quot;_animation&quot;:&quot;fadeIn&quot;,&quot;_animation_delay&quot;:300,&quot;_animation_tablet&quot;:&quot;none&quot;}\" data-widget_type=\"icon-list.default\">\n\t\t\t\t<div class=\"elementor-widget-container\">\n\t\t\t\t\t\t\t<ul class=\"elementor-icon-list-items\">\n\t\t\t\t\t\t\t<li class=\"elementor-icon-list-item\">\n\t\t\t\t\t\t\t\t\t\t\t<a href=\"https:\/\/www.google.com\/maps\/place\/Le+Vivier+15,+1690+Villaz-Saint-Pierre\/@46.7184925,6.9596297,17z\/data=!3m1!4b1!4m5!3m4!1s0x478e7bc7bb706af5:0xc12d9abe3aae6d5!8m2!3d46.7184889!4d6.9622046?entry=ttu&#038;g_ep=EgoyMDI0MDkxMS4wIKXMDSoASAFQAw%3D%3D\" target=\"_blank\">\n\n\t\t\t\t\t\t\t\t\t\t\t\t<span class=\"elementor-icon-list-icon\">\n\t\t\t\t\t\t\t<svg aria-hidden=\"true\" class=\"e-font-icon-svg e-fas-map-marked\" viewBox=\"0 0 576 512\" xmlns=\"http:\/\/www.w3.org\/2000\/svg\"><path d=\"M288 0c-69.59 0-126 56.41-126 126 0 56.26 82.35 158.8 113.9 196.02 6.39 7.54 17.82 7.54 24.2 0C331.65 284.8 414 182.26 414 126 414 56.41 357.59 0 288 0zM20.12 215.95A32.006 32.006 0 0 0 0 245.66v250.32c0 11.32 11.43 19.06 21.94 14.86L160 448V214.92c-8.84-15.98-16.07-31.54-21.25-46.42L20.12 215.95zM288 359.67c-14.07 0-27.38-6.18-36.51-16.96-19.66-23.2-40.57-49.62-59.49-76.72v182l192 64V266c-18.92 27.09-39.82 53.52-59.49 76.72-9.13 10.77-22.44 16.95-36.51 16.95zm266.06-198.51L416 224v288l139.88-55.95A31.996 31.996 0 0 0 576 426.34V176.02c0-11.32-11.43-19.06-21.94-14.86z\"><\/path><\/svg>\t\t\t\t\t\t<\/span>\n\t\t\t\t\t\t\t\t\t\t<span class=\"elementor-icon-list-text\">ZI du Vivier 15, 1690 Villaz-Saint-Pierre<\/span>\n\t\t\t\t\t\t\t\t\t\t\t<\/a>\n\t\t\t\t\t\t\t\t\t<\/li>\n\t\t\t\t\t\t<\/ul>\n\t\t\t\t\t\t<\/div>\n\t\t\t\t<\/div>\n\t\t\t\t<div class=\"elementor-element elementor-element-633a48b animated-slow elementor-invisible elementor-widget elementor-widget-text-editor\" data-id=\"633a48b\" data-element_type=\"widget\" data-e-type=\"widget\" data-settings=\"{&quot;_animation&quot;:&quot;fadeIn&quot;,&quot;_animation_delay&quot;:300,&quot;_animation_tablet&quot;:&quot;none&quot;}\" data-widget_type=\"text-editor.default\">\n\t\t\t\t<div class=\"elementor-widget-container\">\n\t\t\t\t\t\t\t\t\t<p><span style=\"white-space-collapse: preserve;\">Alle unsere Kurse und Schulungen finden auf unserem Campus statt, der bequem mit \u00f6ffentlichen Verkehrsmitteln erreichbar ist.<\/span><\/p>\t\t\t\t\t\t\t\t<\/div>\n\t\t\t\t<\/div>\n\t\t\t\t<div class=\"elementor-element elementor-element-6f8c1f1 animated-slow elementor-invisible elementor-widget elementor-widget-html\" data-id=\"6f8c1f1\" data-element_type=\"widget\" data-e-type=\"widget\" data-settings=\"{&quot;_animation&quot;:&quot;fadeIn&quot;,&quot;_animation_delay&quot;:400,&quot;_animation_tablet&quot;:&quot;none&quot;}\" data-widget_type=\"html.default\">\n\t\t\t\t<div class=\"elementor-widget-container\">\n\t\t\t\t\t<a href=\"https:\/\/www.google.com\/maps\/dir\/\/Frimeca,+Le+Vivier+15,+1690+Villaz-Saint-Pierre\/@46.7015891,6.9201044,14z\/data=!4m2!4m1!3e0?entry=ttu&amp;g_ep=EgoyMDI1MDEyNi4wIKXMDSoASAFQAw%3D%3D\" class=\"fr-button-hover-svg\" target=\"_blank\">\n    <span class=\"fr-text\"><\/span>Anfahrt auf Google Maps<\/span>\n    <svg viewbox=\"0 0 500 150\" class=\"fr-line-svg\">\n        <path d=\"M7.7,145.6C109,125,299.9,116.2,401,121.3c42.1,2.2,87.6,11.8,87.3,25.7\" stroke=\"currentColor\" fill=\"transparent\" stroke-width=\"8\"\/>\n    <\/svg>\n<\/a>\n\t\t\t\t<\/div>\n\t\t\t\t<\/div>\n\t\t\t\t<\/div>\n\t\t<div class=\"elementor-element elementor-element-765fffdd e-con-full e-flex e-con e-child\" data-id=\"765fffdd\" data-element_type=\"container\" data-e-type=\"container\">\n\t\t\t\t<div class=\"elementor-element elementor-element-7c7516c elementor-widget elementor-widget-image\" data-id=\"7c7516c\" data-element_type=\"widget\" data-e-type=\"widget\" data-settings=\"{&quot;motion_fx_motion_fx_scrolling&quot;:&quot;yes&quot;,&quot;motion_fx_translateY_effect&quot;:&quot;yes&quot;,&quot;motion_fx_translateY_speed&quot;:{&quot;unit&quot;:&quot;px&quot;,&quot;size&quot;:2,&quot;sizes&quot;:[]},&quot;motion_fx_devices&quot;:[&quot;desktop&quot;],&quot;motion_fx_translateY_affectedRange&quot;:{&quot;unit&quot;:&quot;%&quot;,&quot;size&quot;:&quot;&quot;,&quot;sizes&quot;:{&quot;start&quot;:0,&quot;end&quot;:100}}}\" data-widget_type=\"image.default\">\n\t\t\t\t<div class=\"elementor-widget-container\">\n\t\t\t\t\t\t\t\t\t\t\t\t\t\t\t<img fetchpriority=\"high\" decoding=\"async\" width=\"800\" height=\"806\" src=\"https:\/\/www.frimeca.ch\/wp-content\/uploads\/2024\/09\/le-vivier-centre-de-formation.webp\" class=\"attachment-full size-full wp-image-4629\" alt=\"\" srcset=\"https:\/\/www.frimeca.ch\/wp-content\/uploads\/2024\/09\/le-vivier-centre-de-formation.webp 800w, https:\/\/www.frimeca.ch\/wp-content\/uploads\/2024\/09\/le-vivier-centre-de-formation-298x300.webp 298w, https:\/\/www.frimeca.ch\/wp-content\/uploads\/2024\/09\/le-vivier-centre-de-formation-150x150.webp 150w, https:\/\/www.frimeca.ch\/wp-content\/uploads\/2024\/09\/le-vivier-centre-de-formation-768x774.webp 768w\" sizes=\"(max-width: 800px) 100vw, 800px\" \/>\t\t\t\t\t\t\t\t\t\t\t\t\t\t\t<\/div>\n\t\t\t\t<\/div>\n\t\t\t\t<\/div>\n\t\t\t\t<\/div>\n\t\t\t\t<\/div>\n\t\t<\/div>\n\t\t\t\t\t\t<\/div>\n\t\t\t\t<\/div>\n\t\t\t\t<\/div>\n\t\t<div class=\"elementor-element elementor-element-75d872cb e-con-full elementor-hidden-mobile elementor-hidden-tablet e-flex elementor-invisible e-con e-parent\" data-id=\"75d872cb\" data-element_type=\"container\" data-e-type=\"container\" data-settings=\"{&quot;animation&quot;:&quot;fadeIn&quot;}\">\n\t\t<div class=\"elementor-element elementor-element-33a46d53 e-con-full e-flex e-con e-child\" data-id=\"33a46d53\" data-element_type=\"container\" data-e-type=\"container\" id=\"fr-t-tourniquet\" data-settings=\"{&quot;sticky&quot;:&quot;top&quot;,&quot;sticky_on&quot;:[&quot;desktop&quot;,&quot;tablet&quot;],&quot;sticky_offset&quot;:6,&quot;sticky_effects_offset&quot;:10,&quot;sticky_parent&quot;:&quot;yes&quot;,&quot;sticky_anchor_link_offset&quot;:0}\">\n\t\t\t\t<div class=\"elementor-element elementor-element-67f54178 elementor-widget__width-initial elementor-widget elementor-widget-heading\" data-id=\"67f54178\" data-element_type=\"widget\" data-e-type=\"widget\" data-widget_type=\"heading.default\">\n\t\t\t\t<div class=\"elementor-widget-container\">\n\t\t\t\t\t<h3 class=\"elementor-heading-title elementor-size-default\">Wir stellen sicher, dass das Kompetenzniveau unserer Mitgliederfirmen durch berufliche Grundausbildung und Weiterbildung erhalten bleibt.<\/h3>\t\t\t\t<\/div>\n\t\t\t\t<\/div>\n\t\t\t\t<div class=\"elementor-element elementor-element-5b21fd83 elementor-widget__width-initial elementor-widget elementor-widget-text-editor\" data-id=\"5b21fd83\" data-element_type=\"widget\" data-e-type=\"widget\" data-widget_type=\"text-editor.default\">\n\t\t\t\t<div class=\"elementor-widget-container\">\n\t\t\t\t\t\t\t\t\t<p>Unsere Aufgaben in wenigen Worten<\/p>\t\t\t\t\t\t\t\t<\/div>\n\t\t\t\t<\/div>\n\t\t\t\t<\/div>\n\t\t<div class=\"elementor-element elementor-element-1d5847bd e-con-full e-flex e-con e-child\" data-id=\"1d5847bd\" data-element_type=\"container\" data-e-type=\"container\">\n\t\t<div class=\"elementor-element elementor-element-010970f e-con-full e-flex elementor-invisible e-con e-child\" data-id=\"010970f\" data-element_type=\"container\" data-e-type=\"container\" id=\"courscie\" data-settings=\"{&quot;background_background&quot;:&quot;gradient&quot;,&quot;animation&quot;:&quot;fadeIn&quot;}\">\n\t\t\t\t<div class=\"elementor-element elementor-element-077d0a0 elementor-widget elementor-widget-heading\" data-id=\"077d0a0\" data-element_type=\"widget\" data-e-type=\"widget\" id=\"uk\" data-widget_type=\"heading.default\">\n\t\t\t\t<div class=\"elementor-widget-container\">\n\t\t\t\t\t<h3 class=\"elementor-heading-title elementor-size-default\">Die \u00fcberbetrieblichen Kurse (\u00dcK)<\/h3>\t\t\t\t<\/div>\n\t\t\t\t<\/div>\n\t\t\t\t<div class=\"elementor-element elementor-element-9a9d133 elementor-widget elementor-widget-text-editor\" data-id=\"9a9d133\" data-element_type=\"widget\" data-e-type=\"widget\" data-widget_type=\"text-editor.default\">\n\t\t\t\t<div class=\"elementor-widget-container\">\n\t\t\t\t\t\t\t\t\t<p>Frimeca ist vom Staat beauftragt, die \u00fcberbetrieblichen Kurse (\u00dcK) zu organisieren, die eine unerl\u00e4ssliche Erg\u00e4nzung zur Ausbildung im Betrieb und in der Berufsschule darstellen. Diese Kurse erm\u00f6glichen es den Lernenden in den MEM- und OMA-Berufen, wesentliche praktische F\u00e4higkeiten zu erwerben und<br \/>eine harmonisierte Ausbildung auf hohem Niveau zu erhalten.<\/p><p>Frimeca ist f\u00fcr die Organisation, Durchf\u00fchrung und Finanzierung der \u00dcK zust\u00e4ndig und gew\u00e4hrleistet so eine hervorragende technische Ausbildung f\u00fcr seine Lernenden.<\/p>\t\t\t\t\t\t\t\t<\/div>\n\t\t\t\t<\/div>\n\t\t\t\t<div class=\"elementor-element elementor-element-3de4771 elementor-widget elementor-widget-html\" data-id=\"3de4771\" data-element_type=\"widget\" data-e-type=\"widget\" data-widget_type=\"html.default\">\n\t\t\t\t<div class=\"elementor-widget-container\">\n\t\t\t\t\t<a href=\"https:\/\/www.frimeca.ch\/de\/kontact\/\" class=\"bleu-fr-button-hover-svg\">\n    <span class=\"fr-text\"><\/span>Kontaktieren Sie uns<\/span>\n    <svg viewbox=\"0 0 500 150\" class=\"bleu-fr-line-svg\">\n        <path d=\"M7.7,145.6C109,125,299.9,116.2,401,121.3c42.1,2.2,87.6,11.8,87.3,25.7\" stroke=\"currentColor\" fill=\"transparent\" stroke-width=\"5\"\/>\n    <\/svg>\n<\/a>\n\t\t\t\t<\/div>\n\t\t\t\t<\/div>\n\t\t\t\t<\/div>\n\t\t<div class=\"elementor-element elementor-element-748c06a e-con-full e-flex elementor-invisible e-con e-child\" data-id=\"748c06a\" data-element_type=\"container\" data-e-type=\"container\" data-settings=\"{&quot;background_background&quot;:&quot;gradient&quot;,&quot;animation&quot;:&quot;fadeIn&quot;}\">\n\t\t\t\t<div class=\"elementor-element elementor-element-394e761 elementor-widget elementor-widget-heading\" data-id=\"394e761\" data-element_type=\"widget\" data-e-type=\"widget\" data-widget_type=\"heading.default\">\n\t\t\t\t<div class=\"elementor-widget-container\">\n\t\t\t\t\t<h3 class=\"elementor-heading-title elementor-size-default\">Eine Ausbildung \"\u00e0 la carte\"<\/h3>\t\t\t\t<\/div>\n\t\t\t\t<\/div>\n\t\t\t\t<div class=\"elementor-element elementor-element-359cfcf elementor-widget elementor-widget-text-editor\" data-id=\"359cfcf\" data-element_type=\"widget\" data-e-type=\"widget\" data-widget_type=\"text-editor.default\">\n\t\t\t\t<div class=\"elementor-widget-container\">\n\t\t\t\t\t\t\t\t\t<p>Seit 2015 bietet Frimeca auch eine &#8222;\u00e0 la carte&#8220;-Ausbildung an, die auf die spezifischen Bed\u00fcrfnisse der ausbildenden Unternehmen zugeschnitten ist.<\/p><p>Unternehmen k\u00f6nnen ihre Lernenden entsprechend ihrer Aktivit\u00e4ten und Strukturen ausbilden.<\/p><p>Diese Flexibilit\u00e4t erm\u00f6glicht es einer wachsenden Anzahl von Unternehmen, sich aktiv an der Ausbildung von Fachkr\u00e4ften zu beteiligen, die in unserer Industrie dringend ben\u00f6tigt werden.<\/p>\t\t\t\t\t\t\t\t<\/div>\n\t\t\t\t<\/div>\n\t\t\t\t<div class=\"elementor-element elementor-element-091a2f1 elementor-widget elementor-widget-html\" data-id=\"091a2f1\" data-element_type=\"widget\" data-e-type=\"widget\" data-widget_type=\"html.default\">\n\t\t\t\t<div class=\"elementor-widget-container\">\n\t\t\t\t\t<a href=\"https:\/\/www.frimeca.ch\/formation-a-la-carte-2\" class=\"bleu-fr-button-hover-svg\">\n    <span class=\"fr-text\"><\/span>Weitere Informationen<\/span>\n    <svg viewbox=\"0 0 500 150\" class=\"bleu-fr-line-svg\">\n        <path d=\"M7.7,145.6C109,125,299.9,116.2,401,121.3c42.1,2.2,87.6,11.8,87.3,25.7\" stroke=\"currentColor\" fill=\"transparent\" stroke-width=\"5\"\/>\n    <\/svg>\n<\/a>\n\t\t\t\t<\/div>\n\t\t\t\t<\/div>\n\t\t\t\t<\/div>\n\t\t<div class=\"elementor-element elementor-element-7970338 e-con-full e-flex elementor-invisible e-con e-child\" data-id=\"7970338\" data-element_type=\"container\" data-e-type=\"container\" id=\"promotion\" data-settings=\"{&quot;background_background&quot;:&quot;gradient&quot;,&quot;animation&quot;:&quot;fadeIn&quot;}\">\n\t\t\t\t<div class=\"elementor-element elementor-element-741973a elementor-widget elementor-widget-heading\" data-id=\"741973a\" data-element_type=\"widget\" data-e-type=\"widget\" id=\"fb\" data-widget_type=\"heading.default\">\n\t\t\t\t<div class=\"elementor-widget-container\">\n\t\t\t\t\t<h3 class=\"elementor-heading-title elementor-size-default\">F\u00f6rderung von Berufen<\/h3>\t\t\t\t<\/div>\n\t\t\t\t<\/div>\n\t\t\t\t<div class=\"elementor-element elementor-element-b7163f7 elementor-widget elementor-widget-text-editor\" data-id=\"b7163f7\" data-element_type=\"widget\" data-e-type=\"widget\" data-widget_type=\"text-editor.default\">\n\t\t\t\t<div class=\"elementor-widget-container\">\n\t\t\t\t\t\t\t\t\t<p>Frimeca engagiert sich aktiv f\u00fcr die Aufwertung der industriellen Berufe durch verschiedene Aktionen:<\/p><p><b>START!<\/b> <b>:<\/b> eine Veranstaltung zur interaktiven Entdeckung von Berufen.<\/p><p><b>Berufsf\u00f6rderung und Informationsabende:<\/b> Besondere Momente, um mehr \u00fcber die Berufsbildung und die Ausbildungsm\u00f6glichkeiten zu erfahren.<\/p><p><b>Schnupperangebot:<\/b> Konkretes Eintauchen in Berufe, um die Berufswahl zu best\u00e4tigen.<\/p><p>Wir fungieren zudem als Vermittler und bringen junge Menschen, die einen Ausbildungsplatz suchen, mit ausbildenden Unternehmen zusammen.<\/p>\t\t\t\t\t\t\t\t<\/div>\n\t\t\t\t<\/div>\n\t\t\t\t<div class=\"elementor-element elementor-element-27e319b elementor-widget elementor-widget-html\" data-id=\"27e319b\" data-element_type=\"widget\" data-e-type=\"widget\" data-widget_type=\"html.default\">\n\t\t\t\t<div class=\"elementor-widget-container\">\n\t\t\t\t\t<a href=\"https:\/\/www.frimeca.ch\/de\/schnupperangebot\" class=\"bleu-fr-button-hover-svg\">\n    <span class=\"fr-text\"><\/span>Mehr \u00fcber Schnupperangebot<\/span>\n    <svg viewbox=\"0 0 500 150\" class=\"bleu-fr-line-svg\">\n        <path d=\"M7.7,145.6C109,125,299.9,116.2,401,121.3c42.1,2.2,87.6,11.8,87.3,25.7\" stroke=\"currentColor\" fill=\"transparent\" stroke-width=\"5\"\/>\n    <\/svg>\n<\/a>\n\t\t\t\t<\/div>\n\t\t\t\t<\/div>\n\t\t\t\t<\/div>\n\t\t\t\t<\/div>\n\t\t\t\t<\/div>\n\t\t<div class=\"elementor-element elementor-element-20e759d e-con-full elementor-hidden-desktop e-flex elementor-invisible e-con e-parent\" data-id=\"20e759d\" data-element_type=\"container\" data-e-type=\"container\" id=\"buts-tm\" data-settings=\"{&quot;animation&quot;:&quot;fadeIn&quot;}\">\n\t\t<div class=\"elementor-element elementor-element-8eb4e3b e-con-full e-flex e-con e-child\" data-id=\"8eb4e3b\" data-element_type=\"container\" data-e-type=\"container\">\n\t\t\t\t<div class=\"elementor-element elementor-element-af8f9c0 elementor-widget__width-initial elementor-widget elementor-widget-heading\" data-id=\"af8f9c0\" data-element_type=\"widget\" data-e-type=\"widget\" data-widget_type=\"heading.default\">\n\t\t\t\t<div class=\"elementor-widget-container\">\n\t\t\t\t\t<h3 class=\"elementor-heading-title elementor-size-default\">Wir stellen sicher, dass das Kompetenzniveau unserer Mitglieder durch berufliche Erstausbildung und Weiterbildung erhalten bleibt.<\/h3>\t\t\t\t<\/div>\n\t\t\t\t<\/div>\n\t\t\t\t<\/div>\n\t\t<div class=\"elementor-element elementor-element-8b9b335 e-con-full e-flex e-con e-child\" data-id=\"8b9b335\" data-element_type=\"container\" data-e-type=\"container\">\n\t\t\t\t<div class=\"elementor-element elementor-element-fb3ca9b elementor-pagination-type-bullets elementor-arrows-position-inside elementor-pagination-position-outside elementor-widget elementor-widget-n-carousel\" data-id=\"fb3ca9b\" data-element_type=\"widget\" data-e-type=\"widget\" data-settings=\"{&quot;carousel_items&quot;:[{&quot;slide_title&quot;:&quot;Cours CIE&quot;,&quot;_id&quot;:&quot;0ef34bf&quot;},{&quot;slide_title&quot;:&quot;formation \\u00e0 la carte&quot;,&quot;_id&quot;:&quot;4d36fc6&quot;},{&quot;slide_title&quot;:&quot;Promotion des m\\u00e9tiers&quot;,&quot;_id&quot;:&quot;ea2c915&quot;}],&quot;slides_to_show_tablet&quot;:&quot;1&quot;,&quot;slides_to_show_mobile&quot;:&quot;1&quot;,&quot;autoplay&quot;:&quot;yes&quot;,&quot;autoplay_speed&quot;:5000,&quot;pause_on_hover&quot;:&quot;yes&quot;,&quot;pause_on_interaction&quot;:&quot;yes&quot;,&quot;infinite&quot;:&quot;yes&quot;,&quot;speed&quot;:500,&quot;offset_sides&quot;:&quot;none&quot;,&quot;arrows&quot;:&quot;yes&quot;,&quot;pagination&quot;:&quot;bullets&quot;,&quot;image_spacing_custom&quot;:{&quot;unit&quot;:&quot;px&quot;,&quot;size&quot;:10,&quot;sizes&quot;:[]},&quot;image_spacing_custom_tablet&quot;:{&quot;unit&quot;:&quot;px&quot;,&quot;size&quot;:&quot;&quot;,&quot;sizes&quot;:[]},&quot;image_spacing_custom_mobile&quot;:{&quot;unit&quot;:&quot;px&quot;,&quot;size&quot;:&quot;&quot;,&quot;sizes&quot;:[]}}\" data-widget_type=\"nested-carousel.default\">\n\t\t\t\t<div class=\"elementor-widget-container\">\n\t\t\t\t\t\t\t<div class=\"e-n-carousel swiper\" role=\"region\" aria-roledescription=\"carousel\" aria-label=\"Carousel\" dir=\"ltr\">\n\t\t\t<div class=\"swiper-wrapper\" aria-live=\"off\">\n\t\t\t\t\t\t\t\t\t\t<div class=\"swiper-slide\" data-slide=\"1\" role=\"group\" aria-roledescription=\"slide\" aria-label=\"1 of 3\">\n\t\t\t\t\t\t\t<div class=\"elementor-element elementor-element-2384dea e-flex e-con-boxed e-con e-child\" data-id=\"2384dea\" data-element_type=\"container\" data-e-type=\"container\" data-settings=\"{&quot;background_background&quot;:&quot;gradient&quot;}\">\n\t\t\t\t\t<div class=\"e-con-inner\">\n\t\t\t\t<div class=\"elementor-element elementor-element-9cb9782 elementor-widget elementor-widget-heading\" data-id=\"9cb9782\" data-element_type=\"widget\" data-e-type=\"widget\" data-widget_type=\"heading.default\">\n\t\t\t\t<div class=\"elementor-widget-container\">\n\t\t\t\t\t<h3 class=\"elementor-heading-title elementor-size-default\">Die \u00fcberbetrieblichen Kurse (\u00dcK)<\/h3>\t\t\t\t<\/div>\n\t\t\t\t<\/div>\n\t\t\t\t<div class=\"elementor-element elementor-element-5445945 elementor-widget elementor-widget-text-editor\" data-id=\"5445945\" data-element_type=\"widget\" data-e-type=\"widget\" data-widget_type=\"text-editor.default\">\n\t\t\t\t<div class=\"elementor-widget-container\">\n\t\t\t\t\t\t\t\t\t<p>Frimeca ist vom Staat beauftragt, die \u00fcberbetrieblichen Kurse (\u00dcK) zu organisieren, die eine unerl\u00e4ssliche Erg\u00e4nzung zur Ausbildung im Betrieb und in der Berufsschule darstellen. Diese Kurse erm\u00f6glichen es den Lernenden in den MEM- und OMA-Berufen:<br \/>wesentliche praktische Fertigkeiten zu erwerben,<br \/>von einer harmonisierten Ausbildung auf hohem Niveau zu profitieren.<br \/>Frimeca ist f\u00fcr die Organisation, Durchf\u00fchrung und Finanzierung der \u00dcK zust\u00e4ndig und garantiert so eine hervorragende technische Ausbildung f\u00fcr seine Lernenden.<\/p>\t\t\t\t\t\t\t\t<\/div>\n\t\t\t\t<\/div>\n\t\t\t\t<div class=\"elementor-element elementor-element-a2f786a elementor-widget elementor-widget-html\" data-id=\"a2f786a\" data-element_type=\"widget\" data-e-type=\"widget\" data-widget_type=\"html.default\">\n\t\t\t\t<div class=\"elementor-widget-container\">\n\t\t\t\t\t<a href=\"https:\/\/www.frimeca.ch\/de\/kontakt\/\" class=\"bleu-fr-button-hover-svg\">\n    <span class=\"fr-text\"><\/span>Kontaktieren Sie uns<\/span>\n    <svg viewbox=\"0 0 500 150\" class=\"bleu-fr-line-svg\">\n        <path d=\"M7.7,145.6C109,125,299.9,116.2,401,121.3c42.1,2.2,87.6,11.8,87.3,25.7\" stroke=\"currentColor\" fill=\"transparent\" stroke-width=\"5\"\/>\n    <\/svg>\n<\/a>\n\t\t\t\t<\/div>\n\t\t\t\t<\/div>\n\t\t\t\t\t<\/div>\n\t\t\t\t<\/div>\n\t\t\t\t\t\t\t\t<\/div>\n\t\t\t\t\t\t\t\t\t\t\t<div class=\"swiper-slide\" data-slide=\"2\" role=\"group\" aria-roledescription=\"slide\" aria-label=\"2 of 3\">\n\t\t\t\t\t\t\t<div class=\"elementor-element elementor-element-9185785 e-flex e-con-boxed e-con e-child\" data-id=\"9185785\" data-element_type=\"container\" data-e-type=\"container\" data-settings=\"{&quot;background_background&quot;:&quot;gradient&quot;}\">\n\t\t\t\t\t<div class=\"e-con-inner\">\n\t\t\t\t<div class=\"elementor-element elementor-element-96bc9a4 elementor-widget elementor-widget-heading\" data-id=\"96bc9a4\" data-element_type=\"widget\" data-e-type=\"widget\" data-widget_type=\"heading.default\">\n\t\t\t\t<div class=\"elementor-widget-container\">\n\t\t\t\t\t<h3 class=\"elementor-heading-title elementor-size-default\">Eine Ausbildung \u00e0 la carte<\/h3>\t\t\t\t<\/div>\n\t\t\t\t<\/div>\n\t\t\t\t<div class=\"elementor-element elementor-element-c99cfc8 elementor-widget elementor-widget-text-editor\" data-id=\"c99cfc8\" data-element_type=\"widget\" data-e-type=\"widget\" data-widget_type=\"text-editor.default\">\n\t\t\t\t<div class=\"elementor-widget-container\">\n\t\t\t\t\t\t\t\t\t<p>Seit 2015 bietet Frimeca auch eine &#8222;\u00e0 la carte&#8220;-Ausbildung an, die auf die spezifischen Bed\u00fcrfnisse der ausbildenden Unternehmen zugeschnitten ist.<\/p>\n<p>Unternehmen k\u00f6nnen ihre Auszubildenden entsprechend ihrer Aktivit\u00e4ten und Strukturen ausbilden.<\/p>\n<p>Diese Flexibilit\u00e4t erm\u00f6glicht es einer wachsenden Anzahl von Unternehmen, sich aktiv an der Ausbildung von Fachkr\u00e4ften zu beteiligen, die unsere Industrie so dringend ben\u00f6tigt.<\/p>\n\t\t\t\t\t\t\t\t<\/div>\n\t\t\t\t<\/div>\n\t\t\t\t<div class=\"elementor-element elementor-element-42adde5 elementor-widget elementor-widget-html\" data-id=\"42adde5\" data-element_type=\"widget\" data-e-type=\"widget\" data-widget_type=\"html.default\">\n\t\t\t\t<div class=\"elementor-widget-container\">\n\t\t\t\t\t<a href=\"https:\/\/www.frimeca.ch\/formation-a-la-carte-2\" class=\"bleu-fr-button-hover-svg\">\n    <span class=\"fr-text\"><\/span>Weitere Informationen<\/span>\n    <svg viewbox=\"0 0 500 150\" class=\"bleu-fr-line-svg\">\n        <path d=\"M7.7,145.6C109,125,299.9,116.2,401,121.3c42.1,2.2,87.6,11.8,87.3,25.7\" stroke=\"currentColor\" fill=\"transparent\" stroke-width=\"5\"\/>\n    <\/svg>\n<\/a>\n\t\t\t\t<\/div>\n\t\t\t\t<\/div>\n\t\t\t\t\t<\/div>\n\t\t\t\t<\/div>\n\t\t\t\t\t\t\t\t<\/div>\n\t\t\t\t\t\t\t\t\t\t\t<div class=\"swiper-slide\" data-slide=\"3\" role=\"group\" aria-roledescription=\"slide\" aria-label=\"3 of 3\">\n\t\t\t\t\t\t\t<div class=\"elementor-element elementor-element-9b46d5f e-flex e-con-boxed e-con e-child\" data-id=\"9b46d5f\" data-element_type=\"container\" data-e-type=\"container\" data-settings=\"{&quot;background_background&quot;:&quot;gradient&quot;}\">\n\t\t\t\t\t<div class=\"e-con-inner\">\n\t\t\t\t<div class=\"elementor-element elementor-element-f06f06e elementor-widget elementor-widget-heading\" data-id=\"f06f06e\" data-element_type=\"widget\" data-e-type=\"widget\" data-widget_type=\"heading.default\">\n\t\t\t\t<div class=\"elementor-widget-container\">\n\t\t\t\t\t<h3 class=\"elementor-heading-title elementor-size-default\">F\u00f6rderung von Berufen<\/h3>\t\t\t\t<\/div>\n\t\t\t\t<\/div>\n\t\t\t\t<div class=\"elementor-element elementor-element-67828f8 elementor-widget elementor-widget-text-editor\" data-id=\"67828f8\" data-element_type=\"widget\" data-e-type=\"widget\" data-widget_type=\"text-editor.default\">\n\t\t\t\t<div class=\"elementor-widget-container\">\n\t\t\t\t\t\t\t\t\t<p>Frimeca engagiert sich aktiv f\u00fcr die Aufwertung der industriellen Berufe durch verschiedene Aktionen:<\/p><p><b>START!<\/b> <b>:<\/b> eine Veranstaltung zur interaktiven Entdeckung von Berufen.<\/p><p><b>Entdeckungstage und Informationsabende:<\/b> Besondere Momente, um mehr \u00fcber Ausbildungen und M\u00f6glichkeiten zu erfahren.<\/p><p><b>Schnupperlehre:<\/b> Konkretes Eintauchen in Berufe, um die Berufswahl zu best\u00e4tigen.<\/p><p>Wir spielen auch eine Rolle als Vermittler f\u00fcr junge Leute, die nach Lehrstellen suchen.<\/p>\t\t\t\t\t\t\t\t<\/div>\n\t\t\t\t<\/div>\n\t\t\t\t<div class=\"elementor-element elementor-element-ff9e4c5 elementor-widget elementor-widget-html\" data-id=\"ff9e4c5\" data-element_type=\"widget\" data-e-type=\"widget\" data-widget_type=\"html.default\">\n\t\t\t\t<div class=\"elementor-widget-container\">\n\t\t\t\t\t<a href=\"https:\/\/www.frimeca.ch\/de\/schnupperangebot\" class=\"bleu-fr-button-hover-svg\">\n    <span class=\"fr-text\"><\/span>Mehr \u00fcber Schnupperangebot<\/span>\n    <svg viewbox=\"0 0 500 150\" class=\"bleu-fr-line-svg\">\n        <path d=\"M7.7,145.6C109,125,299.9,116.2,401,121.3c42.1,2.2,87.6,11.8,87.3,25.7\" stroke=\"currentColor\" fill=\"transparent\" stroke-width=\"5\"\/>\n    <\/svg>\n<\/a>\n\t\t\t\t<\/div>\n\t\t\t\t<\/div>\n\t\t\t\t\t<\/div>\n\t\t\t\t<\/div>\n\t\t\t\t\t\t\t\t<\/div>\n\t\t\t\t\t\t\t\t<\/div>\n\t\t<\/div>\n\t\t\t\t\t<div class=\"elementor-swiper-button elementor-swiper-button-prev\" role=\"button\" tabindex=\"0\" aria-label=\"Voriger\">\n\t\t\t\t\t\t\t<\/div>\n\t\t\t<div class=\"elementor-swiper-button elementor-swiper-button-next\" role=\"button\" tabindex=\"0\" aria-label=\"N\u00e4chster\">\n\t\t\t\t\t\t\t<\/div>\n\t\t\t\t\t<div class=\"swiper-pagination\"><\/div>\n\t\t\t\t\t\t<\/div>\n\t\t\t\t<\/div>\n\t\t\t\t<\/div>\n\t\t\t\t<\/div>\n\t\t<div class=\"elementor-element elementor-element-b2bec35 e-con-full elementor-hidden-mobile elementor-hidden-tablet e-flex e-con e-parent\" data-id=\"b2bec35\" data-element_type=\"container\" data-e-type=\"container\">\n\t\t\t\t<div class=\"elementor-element elementor-element-83580bb elementor-widget elementor-widget-shortcode\" data-id=\"83580bb\" data-element_type=\"widget\" data-e-type=\"widget\" data-widget_type=\"shortcode.default\">\n\t\t\t\t<div class=\"elementor-widget-container\">\n\t\t\t\t\t\t\t<div class=\"elementor-shortcode\">\t\t<div data-elementor-type=\"container\" data-elementor-id=\"4692\" class=\"elementor elementor-4692 elementor-123 elementor-123\" data-elementor-post-type=\"elementor_library\">\n\t\t\t\t<div class=\"elementor-element elementor-element-1098e163 e-con-full e-flex e-con e-parent\" data-id=\"1098e163\" data-element_type=\"container\" data-e-type=\"container\" id=\"fr-cont-max\">\n\t\t<div class=\"elementor-element elementor-element-2f8b702f e-con-full e-flex e-con e-child\" data-id=\"2f8b702f\" data-element_type=\"container\" data-e-type=\"container\" data-settings=\"{&quot;motion_fx_motion_fx_scrolling&quot;:&quot;yes&quot;,&quot;motion_fx_translateY_effect&quot;:&quot;yes&quot;,&quot;motion_fx_translateY_speed&quot;:{&quot;unit&quot;:&quot;px&quot;,&quot;size&quot;:2,&quot;sizes&quot;:[]},&quot;motion_fx_translateY_affectedRange&quot;:{&quot;unit&quot;:&quot;%&quot;,&quot;size&quot;:&quot;&quot;,&quot;sizes&quot;:{&quot;start&quot;:30,&quot;end&quot;:65}},&quot;motion_fx_devices&quot;:[&quot;desktop&quot;]}\">\n\t\t\t\t<div class=\"elementor-element elementor-element-aaa7db2 animated-slow elementor-invisible elementor-widget elementor-widget-heading\" data-id=\"aaa7db2\" data-element_type=\"widget\" data-e-type=\"widget\" data-settings=\"{&quot;_animation&quot;:&quot;fadeIn&quot;,&quot;_animation_delay&quot;:200,&quot;_animation_tablet&quot;:&quot;none&quot;}\" data-widget_type=\"heading.default\">\n\t\t\t\t<div class=\"elementor-widget-container\">\n\t\t\t\t\t<h3 class=\"elementor-heading-title elementor-size-default\">Entdecken Sie unsere Campus Le Vivier 15<\/h3>\t\t\t\t<\/div>\n\t\t\t\t<\/div>\n\t\t\t\t<div class=\"elementor-element elementor-element-1af7e917 animated-slow elementor-mobile-align-center elementor-icon-list--layout-traditional elementor-list-item-link-full_width elementor-invisible elementor-widget elementor-widget-icon-list\" data-id=\"1af7e917\" data-element_type=\"widget\" data-e-type=\"widget\" data-settings=\"{&quot;_animation&quot;:&quot;fadeIn&quot;,&quot;_animation_delay&quot;:300,&quot;_animation_tablet&quot;:&quot;none&quot;}\" data-widget_type=\"icon-list.default\">\n\t\t\t\t<div class=\"elementor-widget-container\">\n\t\t\t\t\t\t\t<ul class=\"elementor-icon-list-items\">\n\t\t\t\t\t\t\t<li class=\"elementor-icon-list-item\">\n\t\t\t\t\t\t\t\t\t\t\t<a href=\"https:\/\/www.google.com\/maps\/place\/Le+Vivier+15,+1690+Villaz-Saint-Pierre\/@46.7184925,6.9596297,17z\/data=!3m1!4b1!4m5!3m4!1s0x478e7bc7bb706af5:0xc12d9abe3aae6d5!8m2!3d46.7184889!4d6.9622046?entry=ttu&#038;g_ep=EgoyMDI0MDkxMS4wIKXMDSoASAFQAw%3D%3D\" target=\"_blank\">\n\n\t\t\t\t\t\t\t\t\t\t\t\t<span class=\"elementor-icon-list-icon\">\n\t\t\t\t\t\t\t<svg aria-hidden=\"true\" class=\"e-font-icon-svg e-fas-map-marked\" viewBox=\"0 0 576 512\" xmlns=\"http:\/\/www.w3.org\/2000\/svg\"><path d=\"M288 0c-69.59 0-126 56.41-126 126 0 56.26 82.35 158.8 113.9 196.02 6.39 7.54 17.82 7.54 24.2 0C331.65 284.8 414 182.26 414 126 414 56.41 357.59 0 288 0zM20.12 215.95A32.006 32.006 0 0 0 0 245.66v250.32c0 11.32 11.43 19.06 21.94 14.86L160 448V214.92c-8.84-15.98-16.07-31.54-21.25-46.42L20.12 215.95zM288 359.67c-14.07 0-27.38-6.18-36.51-16.96-19.66-23.2-40.57-49.62-59.49-76.72v182l192 64V266c-18.92 27.09-39.82 53.52-59.49 76.72-9.13 10.77-22.44 16.95-36.51 16.95zm266.06-198.51L416 224v288l139.88-55.95A31.996 31.996 0 0 0 576 426.34V176.02c0-11.32-11.43-19.06-21.94-14.86z\"><\/path><\/svg>\t\t\t\t\t\t<\/span>\n\t\t\t\t\t\t\t\t\t\t<span class=\"elementor-icon-list-text\">ZI du Vivier 15, 1690 Villaz-Saint-Pierre<\/span>\n\t\t\t\t\t\t\t\t\t\t\t<\/a>\n\t\t\t\t\t\t\t\t\t<\/li>\n\t\t\t\t\t\t<\/ul>\n\t\t\t\t\t\t<\/div>\n\t\t\t\t<\/div>\n\t\t\t\t<div class=\"elementor-element elementor-element-633a48b animated-slow elementor-invisible elementor-widget elementor-widget-text-editor\" data-id=\"633a48b\" data-element_type=\"widget\" data-e-type=\"widget\" data-settings=\"{&quot;_animation&quot;:&quot;fadeIn&quot;,&quot;_animation_delay&quot;:300,&quot;_animation_tablet&quot;:&quot;none&quot;}\" data-widget_type=\"text-editor.default\">\n\t\t\t\t<div class=\"elementor-widget-container\">\n\t\t\t\t\t\t\t\t\t<p><span style=\"white-space-collapse: preserve;\">Alle unsere Kurse und Schulungen finden auf unserem Campus statt, der bequem mit \u00f6ffentlichen Verkehrsmitteln erreichbar ist.<\/span><\/p>\t\t\t\t\t\t\t\t<\/div>\n\t\t\t\t<\/div>\n\t\t\t\t<div class=\"elementor-element elementor-element-6f8c1f1 animated-slow elementor-invisible elementor-widget elementor-widget-html\" data-id=\"6f8c1f1\" data-element_type=\"widget\" data-e-type=\"widget\" data-settings=\"{&quot;_animation&quot;:&quot;fadeIn&quot;,&quot;_animation_delay&quot;:400,&quot;_animation_tablet&quot;:&quot;none&quot;}\" data-widget_type=\"html.default\">\n\t\t\t\t<div class=\"elementor-widget-container\">\n\t\t\t\t\t<a href=\"https:\/\/www.google.com\/maps\/dir\/\/Frimeca,+Le+Vivier+15,+1690+Villaz-Saint-Pierre\/@46.7015891,6.9201044,14z\/data=!4m2!4m1!3e0?entry=ttu&amp;g_ep=EgoyMDI1MDEyNi4wIKXMDSoASAFQAw%3D%3D\" class=\"fr-button-hover-svg\" target=\"_blank\">\n    <span class=\"fr-text\"><\/span>Anfahrt auf Google Maps<\/span>\n    <svg viewbox=\"0 0 500 150\" class=\"fr-line-svg\">\n        <path d=\"M7.7,145.6C109,125,299.9,116.2,401,121.3c42.1,2.2,87.6,11.8,87.3,25.7\" stroke=\"currentColor\" fill=\"transparent\" stroke-width=\"8\"\/>\n    <\/svg>\n<\/a>\n\t\t\t\t<\/div>\n\t\t\t\t<\/div>\n\t\t\t\t<\/div>\n\t\t<div class=\"elementor-element elementor-element-765fffdd e-con-full e-flex e-con e-child\" data-id=\"765fffdd\" data-element_type=\"container\" data-e-type=\"container\">\n\t\t\t\t<div class=\"elementor-element elementor-element-7c7516c elementor-widget elementor-widget-image\" data-id=\"7c7516c\" data-element_type=\"widget\" data-e-type=\"widget\" data-settings=\"{&quot;motion_fx_motion_fx_scrolling&quot;:&quot;yes&quot;,&quot;motion_fx_translateY_effect&quot;:&quot;yes&quot;,&quot;motion_fx_translateY_speed&quot;:{&quot;unit&quot;:&quot;px&quot;,&quot;size&quot;:2,&quot;sizes&quot;:[]},&quot;motion_fx_devices&quot;:[&quot;desktop&quot;],&quot;motion_fx_translateY_affectedRange&quot;:{&quot;unit&quot;:&quot;%&quot;,&quot;size&quot;:&quot;&quot;,&quot;sizes&quot;:{&quot;start&quot;:0,&quot;end&quot;:100}}}\" data-widget_type=\"image.default\">\n\t\t\t\t<div class=\"elementor-widget-container\">\n\t\t\t\t\t\t\t\t\t\t\t\t\t\t\t<img fetchpriority=\"high\" decoding=\"async\" width=\"800\" height=\"806\" src=\"https:\/\/www.frimeca.ch\/wp-content\/uploads\/2024\/09\/le-vivier-centre-de-formation.webp\" class=\"attachment-full size-full wp-image-4629\" alt=\"\" srcset=\"https:\/\/www.frimeca.ch\/wp-content\/uploads\/2024\/09\/le-vivier-centre-de-formation.webp 800w, https:\/\/www.frimeca.ch\/wp-content\/uploads\/2024\/09\/le-vivier-centre-de-formation-298x300.webp 298w, https:\/\/www.frimeca.ch\/wp-content\/uploads\/2024\/09\/le-vivier-centre-de-formation-150x150.webp 150w, https:\/\/www.frimeca.ch\/wp-content\/uploads\/2024\/09\/le-vivier-centre-de-formation-768x774.webp 768w\" sizes=\"(max-width: 800px) 100vw, 800px\" \/>\t\t\t\t\t\t\t\t\t\t\t\t\t\t\t<\/div>\n\t\t\t\t<\/div>\n\t\t\t\t<\/div>\n\t\t\t\t<\/div>\n\t\t\t\t<\/div>\n\t\t<\/div>\n\t\t\t\t\t\t<\/div>\n\t\t\t\t<\/div>\n\t\t\t\t<\/div>\n\t\t<div class=\"elementor-element elementor-element-fc15c1d e-con-full e-flex e-con e-parent\" data-id=\"fc15c1d\" data-element_type=\"container\" data-e-type=\"container\">\n\t\t\t\t<div class=\"elementor-element elementor-element-c3bf1e4 elementor-widget__width-initial elementor-widget elementor-widget-heading\" data-id=\"c3bf1e4\" data-element_type=\"widget\" data-e-type=\"widget\" data-widget_type=\"heading.default\">\n\t\t\t\t<div class=\"elementor-widget-container\">\n\t\t\t\t\t<h2 class=\"elementor-heading-title elementor-size-default\">Lernen Sie unser Team kennen<\/h2>\t\t\t\t<\/div>\n\t\t\t\t<\/div>\n\t\t\t\t<\/div>\n\t\t<div class=\"elementor-element elementor-element-6e97758 e-con-full e-flex e-con e-parent\" data-id=\"6e97758\" data-element_type=\"container\" data-e-type=\"container\">\n\t\t\t\t<div class=\"elementor-element elementor-element-aa1dbac elementor-widget elementor-widget-shortcode\" data-id=\"aa1dbac\" data-element_type=\"widget\" data-e-type=\"widget\" data-widget_type=\"shortcode.default\">\n\t\t\t\t<div class=\"elementor-widget-container\">\n\t\t\t\t\t\t\t<div class=\"elementor-shortcode\">\t\t<div data-elementor-type=\"container\" data-elementor-id=\"4698\" class=\"elementor elementor-4698 elementor-428 elementor-428\" data-elementor-post-type=\"elementor_library\">\n\t\t\t\t<div class=\"elementor-element elementor-element-10fdacdf e-con-full e-flex e-con e-parent\" data-id=\"10fdacdf\" data-element_type=\"container\" data-e-type=\"container\">\n\t\t<div class=\"elementor-element elementor-element-415fbda4 e-con-full e-flex elementor-invisible e-con e-child\" data-id=\"415fbda4\" data-element_type=\"container\" data-e-type=\"container\" data-settings=\"{&quot;animation&quot;:&quot;fadeIn&quot;}\">\n\t\t\t\t<div class=\"elementor-element elementor-element-524605ce elementor-widget elementor-widget-image\" data-id=\"524605ce\" data-element_type=\"widget\" data-e-type=\"widget\" id=\"fr-equipe\" data-widget_type=\"image.default\">\n\t\t\t\t<div class=\"elementor-widget-container\">\n\t\t\t\t\t\t\t\t\t\t\t\t\t\t\t<img decoding=\"async\" width=\"500\" height=\"500\" src=\"https:\/\/www.frimeca.ch\/wp-content\/uploads\/2024\/09\/Daniela-Fioschini.webp\" class=\"attachment-full size-full wp-image-4552\" alt=\"\" srcset=\"https:\/\/www.frimeca.ch\/wp-content\/uploads\/2024\/09\/Daniela-Fioschini.webp 500w, https:\/\/www.frimeca.ch\/wp-content\/uploads\/2024\/09\/Daniela-Fioschini-300x300.webp 300w, https:\/\/www.frimeca.ch\/wp-content\/uploads\/2024\/09\/Daniela-Fioschini-150x150.webp 150w\" sizes=\"(max-width: 500px) 100vw, 500px\" \/>\t\t\t\t\t\t\t\t\t\t\t\t\t\t\t<\/div>\n\t\t\t\t<\/div>\n\t\t\t\t<div class=\"elementor-element elementor-element-700e3141 elementor-widget elementor-widget-text-editor\" data-id=\"700e3141\" data-element_type=\"widget\" data-e-type=\"widget\" data-widget_type=\"text-editor.default\">\n\t\t\t\t<div class=\"elementor-widget-container\">\n\t\t\t\t\t\t\t\t\t<p>Daniela Fioschini<br \/>Direktorin<br \/><a href=\"mailto:d.fioschini@frimeca.ch\">d.fioschini@frimeca.ch<\/a><br \/><a href=\"tel:+41265521444\"> +41 26 552 14 44<\/a><\/p>\t\t\t\t\t\t\t\t<\/div>\n\t\t\t\t<\/div>\n\t\t\t\t<\/div>\n\t\t<div class=\"elementor-element elementor-element-fd177a5 e-con-full e-flex elementor-invisible e-con e-child\" data-id=\"fd177a5\" data-element_type=\"container\" data-e-type=\"container\" data-settings=\"{&quot;animation&quot;:&quot;fadeIn&quot;}\">\n\t\t\t\t<div class=\"elementor-element elementor-element-289c234 elementor-widget elementor-widget-image\" data-id=\"289c234\" data-element_type=\"widget\" data-e-type=\"widget\" data-widget_type=\"image.default\">\n\t\t\t\t<div class=\"elementor-widget-container\">\n\t\t\t\t\t\t\t\t\t\t\t\t\t\t\t<img decoding=\"async\" width=\"500\" height=\"500\" src=\"https:\/\/www.frimeca.ch\/wp-content\/uploads\/2024\/09\/GUL_photo1_light2-e1757062003787.jpg\" class=\"attachment-full size-full wp-image-5510\" alt=\"\" \/>\t\t\t\t\t\t\t\t\t\t\t\t\t\t\t<\/div>\n\t\t\t\t<\/div>\n\t\t\t\t<div class=\"elementor-element elementor-element-060403a elementor-widget elementor-widget-text-editor\" data-id=\"060403a\" data-element_type=\"widget\" data-e-type=\"widget\" data-widget_type=\"text-editor.default\">\n\t\t\t\t<div class=\"elementor-widget-container\">\n\t\t\t\t\t\t\t\t\t<p>Genevi\u00e8ve Uldry<br \/>Mitarbeiterin Direktion und Buchhaltung<br \/><a href=\"mailto:d.fioschini@frimeca.ch\">g.uldry@frimeca.ch<\/a><br \/><a href=\"tel:+41265521444\"> +41 26 552 14 44<\/a><\/p>\t\t\t\t\t\t\t\t<\/div>\n\t\t\t\t<\/div>\n\t\t\t\t<\/div>\n\t\t<div class=\"elementor-element elementor-element-7e6d4d3c e-con-full e-flex elementor-invisible e-con e-child\" data-id=\"7e6d4d3c\" data-element_type=\"container\" data-e-type=\"container\" data-settings=\"{&quot;animation&quot;:&quot;fadeIn&quot;}\">\n\t\t\t\t<div class=\"elementor-element elementor-element-96abb4 elementor-widget elementor-widget-image\" data-id=\"96abb4\" data-element_type=\"widget\" data-e-type=\"widget\" id=\"fr-equipe\" data-widget_type=\"image.default\">\n\t\t\t\t<div class=\"elementor-widget-container\">\n\t\t\t\t\t\t\t\t\t\t\t\t\t\t\t<img loading=\"lazy\" decoding=\"async\" width=\"500\" height=\"500\" src=\"https:\/\/www.frimeca.ch\/wp-content\/uploads\/2024\/09\/Roger-Jungo.webp\" class=\"attachment-full size-full wp-image-4560\" alt=\"\" srcset=\"https:\/\/www.frimeca.ch\/wp-content\/uploads\/2024\/09\/Roger-Jungo.webp 500w, https:\/\/www.frimeca.ch\/wp-content\/uploads\/2024\/09\/Roger-Jungo-300x300.webp 300w, https:\/\/www.frimeca.ch\/wp-content\/uploads\/2024\/09\/Roger-Jungo-150x150.webp 150w\" sizes=\"(max-width: 500px) 100vw, 500px\" \/>\t\t\t\t\t\t\t\t\t\t\t\t\t\t\t<\/div>\n\t\t\t\t<\/div>\n\t\t\t\t<div class=\"elementor-element elementor-element-56f4f890 elementor-widget elementor-widget-text-editor\" data-id=\"56f4f890\" data-element_type=\"widget\" data-e-type=\"widget\" data-widget_type=\"text-editor.default\">\n\t\t\t\t<div class=\"elementor-widget-container\">\n\t\t\t\t\t\t\t\t\t<p>RogerJungo<br \/>Verantwortlicher Berufsbildung und Technik<br \/>Teamleader\/Berufsbildner Zeichnen<br \/><a href=\"mailto:r.jungo@frimeca.ch\">r.jungo@frimeca.ch<\/a><br \/><a href=\"Tel:+41%2026%20552%2014%2047\">+41 26 552 14 47<\/a><\/p>\t\t\t\t\t\t\t\t<\/div>\n\t\t\t\t<\/div>\n\t\t\t\t<\/div>\n\t\t<div class=\"elementor-element elementor-element-5cf28870 e-con-full e-flex elementor-invisible e-con e-child\" data-id=\"5cf28870\" data-element_type=\"container\" data-e-type=\"container\" data-settings=\"{&quot;animation&quot;:&quot;fadeIn&quot;}\">\n\t\t\t\t<div class=\"elementor-element elementor-element-18d8fb60 elementor-widget elementor-widget-image\" data-id=\"18d8fb60\" data-element_type=\"widget\" data-e-type=\"widget\" id=\"fr-equipe\" data-widget_type=\"image.default\">\n\t\t\t\t<div class=\"elementor-widget-container\">\n\t\t\t\t\t\t\t\t\t\t\t\t\t\t\t<img loading=\"lazy\" decoding=\"async\" width=\"500\" height=\"500\" src=\"https:\/\/www.frimeca.ch\/wp-content\/uploads\/2024\/09\/Paul-Aebischer.webp\" class=\"attachment-full size-full wp-image-4558\" alt=\"\" srcset=\"https:\/\/www.frimeca.ch\/wp-content\/uploads\/2024\/09\/Paul-Aebischer.webp 500w, https:\/\/www.frimeca.ch\/wp-content\/uploads\/2024\/09\/Paul-Aebischer-300x300.webp 300w, https:\/\/www.frimeca.ch\/wp-content\/uploads\/2024\/09\/Paul-Aebischer-150x150.webp 150w\" sizes=\"(max-width: 500px) 100vw, 500px\" \/>\t\t\t\t\t\t\t\t\t\t\t\t\t\t\t<\/div>\n\t\t\t\t<\/div>\n\t\t\t\t<div class=\"elementor-element elementor-element-7cd41035 elementor-widget elementor-widget-text-editor\" data-id=\"7cd41035\" data-element_type=\"widget\" data-e-type=\"widget\" data-widget_type=\"text-editor.default\">\n\t\t\t\t<div class=\"elementor-widget-container\">\n\t\t\t\t\t\t\t\t\t<p>Paul Aebischer<br \/>Berufsbildner Mechanik<br \/><a href=\"mailto:p.aebischer@frimeca.ch\">p.aebischer@frimeca.ch<\/a><br \/><a href=\"Tel:+41%2026%20552%2014%2046\">+41 26 552 14 46<\/a><\/p>\t\t\t\t\t\t\t\t<\/div>\n\t\t\t\t<\/div>\n\t\t\t\t<\/div>\n\t\t<div class=\"elementor-element elementor-element-6d035743 e-con-full e-flex elementor-invisible e-con e-child\" data-id=\"6d035743\" data-element_type=\"container\" data-e-type=\"container\" data-settings=\"{&quot;animation&quot;:&quot;fadeIn&quot;}\">\n\t\t\t\t<div class=\"elementor-element elementor-element-4732a9fb elementor-widget elementor-widget-image\" data-id=\"4732a9fb\" data-element_type=\"widget\" data-e-type=\"widget\" id=\"fr-equipe\" data-widget_type=\"image.default\">\n\t\t\t\t<div class=\"elementor-widget-container\">\n\t\t\t\t\t\t\t\t\t\t\t\t\t\t\t<img loading=\"lazy\" decoding=\"async\" width=\"500\" height=\"500\" src=\"https:\/\/www.frimeca.ch\/wp-content\/uploads\/2024\/09\/Andre-Wohlhauser.webp\" class=\"attachment-full size-full wp-image-4551\" alt=\"\" srcset=\"https:\/\/www.frimeca.ch\/wp-content\/uploads\/2024\/09\/Andre-Wohlhauser.webp 500w, https:\/\/www.frimeca.ch\/wp-content\/uploads\/2024\/09\/Andre-Wohlhauser-300x300.webp 300w, https:\/\/www.frimeca.ch\/wp-content\/uploads\/2024\/09\/Andre-Wohlhauser-150x150.webp 150w\" sizes=\"(max-width: 500px) 100vw, 500px\" \/>\t\t\t\t\t\t\t\t\t\t\t\t\t\t\t<\/div>\n\t\t\t\t<\/div>\n\t\t\t\t<div class=\"elementor-element elementor-element-2c232851 elementor-widget elementor-widget-text-editor\" data-id=\"2c232851\" data-element_type=\"widget\" data-e-type=\"widget\" data-widget_type=\"text-editor.default\">\n\t\t\t\t<div class=\"elementor-widget-container\">\n\t\t\t\t\t\t\t\t\t<p>Andr\u00e9 Wohlhauser<br \/>Berufsbildner Mechanik<br \/><a href=\"mailto:a.wohlhauser@frimeca.ch\">a.wohlhauser@frimeca.ch<\/a><br \/><a href=\"Tel:+41%2026%20552%2014%2051\">+41 26 552 14 51<\/a><\/p>\t\t\t\t\t\t\t\t<\/div>\n\t\t\t\t<\/div>\n\t\t\t\t<\/div>\n\t\t<div class=\"elementor-element elementor-element-f4fe3e1 e-con-full e-flex elementor-invisible e-con e-child\" data-id=\"f4fe3e1\" data-element_type=\"container\" data-e-type=\"container\" data-settings=\"{&quot;animation&quot;:&quot;fadeIn&quot;}\">\n\t\t\t\t<div class=\"elementor-element elementor-element-6619348 elementor-widget elementor-widget-image\" data-id=\"6619348\" data-element_type=\"widget\" data-e-type=\"widget\" data-widget_type=\"image.default\">\n\t\t\t\t<div class=\"elementor-widget-container\">\n\t\t\t\t\t\t\t\t\t\t\t\t\t\t\t<img loading=\"lazy\" decoding=\"async\" width=\"499\" height=\"501\" src=\"https:\/\/www.frimeca.ch\/wp-content\/uploads\/2026\/05\/CHRISTIAN-SCHEUBER-CARRE.jpg\" class=\"attachment-full size-full wp-image-5940\" alt=\"\" srcset=\"https:\/\/www.frimeca.ch\/wp-content\/uploads\/2026\/05\/CHRISTIAN-SCHEUBER-CARRE.jpg 499w, https:\/\/www.frimeca.ch\/wp-content\/uploads\/2026\/05\/CHRISTIAN-SCHEUBER-CARRE-300x300.jpg 300w, https:\/\/www.frimeca.ch\/wp-content\/uploads\/2026\/05\/CHRISTIAN-SCHEUBER-CARRE-150x150.jpg 150w\" sizes=\"(max-width: 499px) 100vw, 499px\" \/>\t\t\t\t\t\t\t\t\t\t\t\t\t\t\t<\/div>\n\t\t\t\t<\/div>\n\t\t\t\t<div class=\"elementor-element elementor-element-ba3d3e5 elementor-widget elementor-widget-text-editor\" data-id=\"ba3d3e5\" data-element_type=\"widget\" data-e-type=\"widget\" data-widget_type=\"text-editor.default\">\n\t\t\t\t<div class=\"elementor-widget-container\">\n\t\t\t\t\t\t\t\t\t<p>Christian Scheuber<br \/>Berufsbildner Mechanik<br \/><a href=\"mailto:a.wohlhauser@frimeca.ch\">c.scheuber@frimeca.ch<\/a><br \/><a href=\"Tel:+41%2026%20552%2014%2051\">+41 26 552 14 41<\/a><\/p>\t\t\t\t\t\t\t\t<\/div>\n\t\t\t\t<\/div>\n\t\t\t\t<\/div>\n\t\t<div class=\"elementor-element elementor-element-3bca984a e-con-full e-flex elementor-invisible e-con e-child\" data-id=\"3bca984a\" data-element_type=\"container\" data-e-type=\"container\" data-settings=\"{&quot;animation&quot;:&quot;fadeIn&quot;}\">\n\t\t\t\t<div class=\"elementor-element elementor-element-5ab2245a elementor-widget elementor-widget-image\" data-id=\"5ab2245a\" data-element_type=\"widget\" data-e-type=\"widget\" id=\"fr-equipe\" data-widget_type=\"image.default\">\n\t\t\t\t<div class=\"elementor-widget-container\">\n\t\t\t\t\t\t\t\t\t\t\t\t\t\t\t<img loading=\"lazy\" decoding=\"async\" width=\"2555\" height=\"2555\" src=\"https:\/\/www.frimeca.ch\/wp-content\/uploads\/2025\/05\/Jean.webp\" class=\"attachment-full size-full wp-image-5448\" alt=\"\" srcset=\"https:\/\/www.frimeca.ch\/wp-content\/uploads\/2025\/05\/Jean.webp 2555w, https:\/\/www.frimeca.ch\/wp-content\/uploads\/2025\/05\/Jean-300x300.webp 300w, https:\/\/www.frimeca.ch\/wp-content\/uploads\/2025\/05\/Jean-1024x1024.webp 1024w, https:\/\/www.frimeca.ch\/wp-content\/uploads\/2025\/05\/Jean-150x150.webp 150w, https:\/\/www.frimeca.ch\/wp-content\/uploads\/2025\/05\/Jean-768x768.webp 768w, https:\/\/www.frimeca.ch\/wp-content\/uploads\/2025\/05\/Jean-1536x1536.webp 1536w, https:\/\/www.frimeca.ch\/wp-content\/uploads\/2025\/05\/Jean-2048x2048.webp 2048w\" sizes=\"(max-width: 2555px) 100vw, 2555px\" \/>\t\t\t\t\t\t\t\t\t\t\t\t\t\t\t<\/div>\n\t\t\t\t<\/div>\n\t\t\t\t<div class=\"elementor-element elementor-element-79509ab9 elementor-widget elementor-widget-text-editor\" data-id=\"79509ab9\" data-element_type=\"widget\" data-e-type=\"widget\" data-widget_type=\"text-editor.default\">\n\t\t\t\t<div class=\"elementor-widget-container\">\n\t\t\t\t\t\t\t\t\t<p><span style=\"white-space-collapse: preserve;\">Jean Mauron<br \/>Berufsbildner Automation<br \/><a href=\"mailto:j.mauron@frimeca.ch\">j.mauron@frimeca.ch<\/a><br \/><a href=\"Tel:+41%2026%20552%2014%2048\">+41 26 552 14 48<\/a><\/span><\/p>\t\t\t\t\t\t\t\t<\/div>\n\t\t\t\t<\/div>\n\t\t\t\t<\/div>\n\t\t<div class=\"elementor-element elementor-element-560556ab e-con-full e-flex elementor-invisible e-con e-child\" data-id=\"560556ab\" data-element_type=\"container\" data-e-type=\"container\" data-settings=\"{&quot;animation&quot;:&quot;fadeIn&quot;}\">\n\t\t\t\t<div class=\"elementor-element elementor-element-68a0b229 elementor-widget elementor-widget-image\" data-id=\"68a0b229\" data-element_type=\"widget\" data-e-type=\"widget\" id=\"fr-equipe\" data-widget_type=\"image.default\">\n\t\t\t\t<div class=\"elementor-widget-container\">\n\t\t\t\t\t\t\t\t\t\t\t\t\t\t\t<img loading=\"lazy\" decoding=\"async\" width=\"500\" height=\"500\" src=\"https:\/\/www.frimeca.ch\/wp-content\/uploads\/2024\/09\/Pierre-Alain-Pittet.webp\" class=\"attachment-full size-full wp-image-4559\" alt=\"\" srcset=\"https:\/\/www.frimeca.ch\/wp-content\/uploads\/2024\/09\/Pierre-Alain-Pittet.webp 500w, https:\/\/www.frimeca.ch\/wp-content\/uploads\/2024\/09\/Pierre-Alain-Pittet-300x300.webp 300w, https:\/\/www.frimeca.ch\/wp-content\/uploads\/2024\/09\/Pierre-Alain-Pittet-150x150.webp 150w\" sizes=\"(max-width: 500px) 100vw, 500px\" \/>\t\t\t\t\t\t\t\t\t\t\t\t\t\t\t<\/div>\n\t\t\t\t<\/div>\n\t\t\t\t<div class=\"elementor-element elementor-element-4303d265 elementor-widget elementor-widget-text-editor\" data-id=\"4303d265\" data-element_type=\"widget\" data-e-type=\"widget\" data-widget_type=\"text-editor.default\">\n\t\t\t\t<div class=\"elementor-widget-container\">\n\t\t\t\t\t\t\t\t\t<p><span style=\"white-space-collapse: preserve;\">Pierre-Alain Pittet<br \/>Berufsbildner Automation<br \/><a href=\"mailto:p.pittet@frimeca.ch\">p.pittet@frimeca.ch<\/a><br \/><a href=\"Tel:+41%2026%20552%2014%2052\">+41 26 552 14 52<\/a><\/span><\/p>\t\t\t\t\t\t\t\t<\/div>\n\t\t\t\t<\/div>\n\t\t\t\t<\/div>\n\t\t<div class=\"elementor-element elementor-element-346a0900 e-con-full e-flex elementor-invisible e-con e-child\" data-id=\"346a0900\" data-element_type=\"container\" data-e-type=\"container\" data-settings=\"{&quot;animation&quot;:&quot;fadeIn&quot;}\">\n\t\t\t\t<div class=\"elementor-element elementor-element-29087927 elementor-widget elementor-widget-image\" data-id=\"29087927\" data-element_type=\"widget\" data-e-type=\"widget\" id=\"fr-equipe\" data-widget_type=\"image.default\">\n\t\t\t\t<div class=\"elementor-widget-container\">\n\t\t\t\t\t\t\t\t\t\t\t\t\t\t\t<img loading=\"lazy\" decoding=\"async\" width=\"500\" height=\"500\" src=\"https:\/\/www.frimeca.ch\/wp-content\/uploads\/2024\/09\/Nicolas-Kowalski.webp\" class=\"attachment-full size-full wp-image-4556\" alt=\"\" srcset=\"https:\/\/www.frimeca.ch\/wp-content\/uploads\/2024\/09\/Nicolas-Kowalski.webp 500w, https:\/\/www.frimeca.ch\/wp-content\/uploads\/2024\/09\/Nicolas-Kowalski-300x300.webp 300w, https:\/\/www.frimeca.ch\/wp-content\/uploads\/2024\/09\/Nicolas-Kowalski-150x150.webp 150w\" sizes=\"(max-width: 500px) 100vw, 500px\" \/>\t\t\t\t\t\t\t\t\t\t\t\t\t\t\t<\/div>\n\t\t\t\t<\/div>\n\t\t\t\t<div class=\"elementor-element elementor-element-631c1241 elementor-widget elementor-widget-text-editor\" data-id=\"631c1241\" data-element_type=\"widget\" data-e-type=\"widget\" data-widget_type=\"text-editor.default\">\n\t\t\t\t<div class=\"elementor-widget-container\">\n\t\t\t\t\t\t\t\t\t<p><span style=\"white-space-collapse: preserve;\">Nicolas Kowalski<br \/>Berufsbildner Mechanik<br \/><a href=\"mailto:n.kowalski@frimeca.ch\">n.kowalski@frimeca.ch<\/a><br \/><a href=\"Tel:+41%2026%20552%2014%2049\">+41 26 552 14 49<\/a><\/span><\/p>\t\t\t\t\t\t\t\t<\/div>\n\t\t\t\t<\/div>\n\t\t\t\t<\/div>\n\t\t<div class=\"elementor-element elementor-element-65f751e6 e-con-full e-flex elementor-invisible e-con e-child\" data-id=\"65f751e6\" data-element_type=\"container\" data-e-type=\"container\" data-settings=\"{&quot;animation&quot;:&quot;fadeIn&quot;}\">\n\t\t\t\t<div class=\"elementor-element elementor-element-42b9fb99 elementor-widget elementor-widget-image\" data-id=\"42b9fb99\" data-element_type=\"widget\" data-e-type=\"widget\" id=\"fr-equipe\" data-widget_type=\"image.default\">\n\t\t\t\t<div class=\"elementor-widget-container\">\n\t\t\t\t\t\t\t\t\t\t\t\t\t\t\t<img loading=\"lazy\" decoding=\"async\" width=\"500\" height=\"500\" src=\"https:\/\/www.frimeca.ch\/wp-content\/uploads\/2024\/09\/Stephane-Leyat.webp\" class=\"attachment-full size-full wp-image-4561\" alt=\"\" srcset=\"https:\/\/www.frimeca.ch\/wp-content\/uploads\/2024\/09\/Stephane-Leyat.webp 500w, https:\/\/www.frimeca.ch\/wp-content\/uploads\/2024\/09\/Stephane-Leyat-300x300.webp 300w, https:\/\/www.frimeca.ch\/wp-content\/uploads\/2024\/09\/Stephane-Leyat-150x150.webp 150w\" sizes=\"(max-width: 500px) 100vw, 500px\" \/>\t\t\t\t\t\t\t\t\t\t\t\t\t\t\t<\/div>\n\t\t\t\t<\/div>\n\t\t\t\t<div class=\"elementor-element elementor-element-157cd57 elementor-widget elementor-widget-text-editor\" data-id=\"157cd57\" data-element_type=\"widget\" data-e-type=\"widget\" data-widget_type=\"text-editor.default\">\n\t\t\t\t<div class=\"elementor-widget-container\">\n\t\t\t\t\t\t\t\t\t<p><span style=\"white-space-collapse: preserve;\">St\u00e9phane Leyat<br \/>Teamleader\/Berufsbildner Mechanik <br \/><a href=\"mailto:s.leyat@frimeca.ch\">s.leyat@frimeca.ch<\/a> <br \/><a href=\"Tel:+41%2026%20552%2014%2050\">+41 26 552 14 50<\/a><\/span><\/p>\t\t\t\t\t\t\t\t<\/div>\n\t\t\t\t<\/div>\n\t\t\t\t<\/div>\n\t\t<div class=\"elementor-element elementor-element-57a32fc9 e-con-full e-flex elementor-invisible e-con e-child\" data-id=\"57a32fc9\" data-element_type=\"container\" data-e-type=\"container\" data-settings=\"{&quot;animation&quot;:&quot;fadeIn&quot;}\">\n\t\t\t\t<div class=\"elementor-element elementor-element-7960d6ce elementor-widget elementor-widget-image\" data-id=\"7960d6ce\" data-element_type=\"widget\" data-e-type=\"widget\" id=\"fr-equipe\" data-widget_type=\"image.default\">\n\t\t\t\t<div class=\"elementor-widget-container\">\n\t\t\t\t\t\t\t\t\t\t\t\t\t\t\t<img loading=\"lazy\" decoding=\"async\" width=\"1908\" height=\"1908\" src=\"https:\/\/www.frimeca.ch\/wp-content\/uploads\/2025\/05\/Nils.webp\" class=\"attachment-full size-full wp-image-5450\" alt=\"\" srcset=\"https:\/\/www.frimeca.ch\/wp-content\/uploads\/2025\/05\/Nils.webp 1908w, https:\/\/www.frimeca.ch\/wp-content\/uploads\/2025\/05\/Nils-300x300.webp 300w, https:\/\/www.frimeca.ch\/wp-content\/uploads\/2025\/05\/Nils-1024x1024.webp 1024w, https:\/\/www.frimeca.ch\/wp-content\/uploads\/2025\/05\/Nils-150x150.webp 150w, https:\/\/www.frimeca.ch\/wp-content\/uploads\/2025\/05\/Nils-768x768.webp 768w, https:\/\/www.frimeca.ch\/wp-content\/uploads\/2025\/05\/Nils-1536x1536.webp 1536w\" sizes=\"(max-width: 1908px) 100vw, 1908px\" \/>\t\t\t\t\t\t\t\t\t\t\t\t\t\t\t<\/div>\n\t\t\t\t<\/div>\n\t\t\t\t<div class=\"elementor-element elementor-element-47bd4c63 elementor-widget elementor-widget-text-editor\" data-id=\"47bd4c63\" data-element_type=\"widget\" data-e-type=\"widget\" data-widget_type=\"text-editor.default\">\n\t\t\t\t<div class=\"elementor-widget-container\">\n\t\t\t\t\t\t\t\t\t<p><span style=\"white-space-collapse: preserve;\">Nils Jelinski<br \/>Berufsbildner Automation<br \/><a href=\"mailto:j.caloz@frimeca.ch\">n.jelinski@frimeca.ch<\/a><br \/><a href=\"Tel:+41%2026%20552%2014%2043\">+41 26 552 14 43<\/a><\/span><\/p>\t\t\t\t\t\t\t\t<\/div>\n\t\t\t\t<\/div>\n\t\t\t\t<\/div>\n\t\t<div class=\"elementor-element elementor-element-1ce9eb36 e-con-full e-flex elementor-invisible e-con e-child\" data-id=\"1ce9eb36\" data-element_type=\"container\" data-e-type=\"container\" data-settings=\"{&quot;animation&quot;:&quot;fadeIn&quot;}\">\n\t\t\t\t<div class=\"elementor-element elementor-element-7b7f54cc elementor-widget elementor-widget-image\" data-id=\"7b7f54cc\" data-element_type=\"widget\" data-e-type=\"widget\" id=\"fr-equipe\" data-widget_type=\"image.default\">\n\t\t\t\t<div class=\"elementor-widget-container\">\n\t\t\t\t\t\t\t\t\t\t\t\t\t\t\t<img loading=\"lazy\" decoding=\"async\" width=\"500\" height=\"500\" src=\"https:\/\/www.frimeca.ch\/wp-content\/uploads\/2024\/09\/Olivier-Theraulaz.webp\" class=\"attachment-full size-full wp-image-4557\" alt=\"\" srcset=\"https:\/\/www.frimeca.ch\/wp-content\/uploads\/2024\/09\/Olivier-Theraulaz.webp 500w, https:\/\/www.frimeca.ch\/wp-content\/uploads\/2024\/09\/Olivier-Theraulaz-300x300.webp 300w, https:\/\/www.frimeca.ch\/wp-content\/uploads\/2024\/09\/Olivier-Theraulaz-150x150.webp 150w\" sizes=\"(max-width: 500px) 100vw, 500px\" \/>\t\t\t\t\t\t\t\t\t\t\t\t\t\t\t<\/div>\n\t\t\t\t<\/div>\n\t\t\t\t<div class=\"elementor-element elementor-element-66e4f5ca elementor-widget elementor-widget-text-editor\" data-id=\"66e4f5ca\" data-element_type=\"widget\" data-e-type=\"widget\" data-widget_type=\"text-editor.default\">\n\t\t\t\t<div class=\"elementor-widget-container\">\n\t\t\t\t\t\t\t\t\t<p><span style=\"white-space-collapse: preserve;\">Olivier Th\u00e9raulaz<br \/>Berufsbildner Mechanik<br \/><\/span><span style=\"white-space-collapse: preserve;\"><a href=\"mailto:o.theraulaz@frimeca.ch\">o.theraulaz@frimeca.ch<\/a><br \/><a href=\"Tel:+41%2026%20552%2014%2045\">+41 26 552 14 45<\/a><\/span><\/p>\t\t\t\t\t\t\t\t<\/div>\n\t\t\t\t<\/div>\n\t\t\t\t<\/div>\n\t\t<div class=\"elementor-element elementor-element-602e4a01 e-con-full e-flex elementor-invisible e-con e-child\" data-id=\"602e4a01\" data-element_type=\"container\" data-e-type=\"container\" data-settings=\"{&quot;animation&quot;:&quot;fadeIn&quot;}\">\n\t\t\t\t<div class=\"elementor-element elementor-element-4b813611 elementor-widget elementor-widget-image\" data-id=\"4b813611\" data-element_type=\"widget\" data-e-type=\"widget\" id=\"fr-equipe\" data-widget_type=\"image.default\">\n\t\t\t\t<div class=\"elementor-widget-container\">\n\t\t\t\t\t\t\t\t\t\t\t\t\t\t\t<img loading=\"lazy\" decoding=\"async\" width=\"2080\" height=\"1728\" src=\"https:\/\/www.frimeca.ch\/wp-content\/uploads\/2024\/09\/Shorra-Murrtez.jpg\" class=\"attachment-full size-full wp-image-6008\" alt=\"\" srcset=\"https:\/\/www.frimeca.ch\/wp-content\/uploads\/2024\/09\/Shorra-Murrtez.jpg 2080w, https:\/\/www.frimeca.ch\/wp-content\/uploads\/2024\/09\/Shorra-Murrtez-300x249.jpg 300w, https:\/\/www.frimeca.ch\/wp-content\/uploads\/2024\/09\/Shorra-Murrtez-1024x851.jpg 1024w, https:\/\/www.frimeca.ch\/wp-content\/uploads\/2024\/09\/Shorra-Murrtez-768x638.jpg 768w, https:\/\/www.frimeca.ch\/wp-content\/uploads\/2024\/09\/Shorra-Murrtez-1536x1276.jpg 1536w, https:\/\/www.frimeca.ch\/wp-content\/uploads\/2024\/09\/Shorra-Murrtez-2048x1701.jpg 2048w\" sizes=\"(max-width: 2080px) 100vw, 2080px\" \/>\t\t\t\t\t\t\t\t\t\t\t\t\t\t\t<\/div>\n\t\t\t\t<\/div>\n\t\t\t\t<div class=\"elementor-element elementor-element-20bbffe elementor-widget elementor-widget-text-editor\" data-id=\"20bbffe\" data-element_type=\"widget\" data-e-type=\"widget\" data-widget_type=\"text-editor.default\">\n\t\t\t\t<div class=\"elementor-widget-container\">\n\t\t\t\t\t\t\t\t\t<p><span style=\"white-space-collapse: preserve;\">Murtez Shorra<br \/>Berufsbildner Zeichnen<br \/><a href=\"m.shorra@frimeca.ch\">m.shorra@frimeca.ch<\/a><br \/><a href=\"Tel:+41%2026%20552%2014%2053\">+41 26 552 14 53<\/a><\/span><\/p>\t\t\t\t\t\t\t\t<\/div>\n\t\t\t\t<\/div>\n\t\t\t\t<\/div>\n\t\t\t\t<\/div>\n\t\t\t\t<\/div>\n\t\t<\/div>\n\t\t\t\t\t\t<\/div>\n\t\t\t\t<\/div>\n\t\t\t\t<\/div>\n\t\t<div class=\"elementor-element elementor-element-fab6b61 e-con-full elementor-hidden-mobile elementor-hidden-desktop e-flex e-con e-parent\" data-id=\"fab6b61\" data-element_type=\"container\" data-e-type=\"container\">\n\t\t\t\t<div class=\"elementor-element elementor-element-911623a elementor-widget elementor-widget-shortcode\" data-id=\"911623a\" data-element_type=\"widget\" data-e-type=\"widget\" data-widget_type=\"shortcode.default\">\n\t\t\t\t<div class=\"elementor-widget-container\">\n\t\t\t\t\t\t\t<div class=\"elementor-shortcode\">\t\t<div data-elementor-type=\"container\" data-elementor-id=\"4692\" class=\"elementor elementor-4692 elementor-123 elementor-123\" data-elementor-post-type=\"elementor_library\">\n\t\t\t\t<div class=\"elementor-element elementor-element-1098e163 e-con-full e-flex e-con e-parent\" data-id=\"1098e163\" data-element_type=\"container\" data-e-type=\"container\" id=\"fr-cont-max\">\n\t\t<div class=\"elementor-element elementor-element-2f8b702f e-con-full e-flex e-con e-child\" data-id=\"2f8b702f\" data-element_type=\"container\" data-e-type=\"container\" data-settings=\"{&quot;motion_fx_motion_fx_scrolling&quot;:&quot;yes&quot;,&quot;motion_fx_translateY_effect&quot;:&quot;yes&quot;,&quot;motion_fx_translateY_speed&quot;:{&quot;unit&quot;:&quot;px&quot;,&quot;size&quot;:2,&quot;sizes&quot;:[]},&quot;motion_fx_translateY_affectedRange&quot;:{&quot;unit&quot;:&quot;%&quot;,&quot;size&quot;:&quot;&quot;,&quot;sizes&quot;:{&quot;start&quot;:30,&quot;end&quot;:65}},&quot;motion_fx_devices&quot;:[&quot;desktop&quot;]}\">\n\t\t\t\t<div class=\"elementor-element elementor-element-aaa7db2 animated-slow elementor-invisible elementor-widget elementor-widget-heading\" data-id=\"aaa7db2\" data-element_type=\"widget\" data-e-type=\"widget\" data-settings=\"{&quot;_animation&quot;:&quot;fadeIn&quot;,&quot;_animation_delay&quot;:200,&quot;_animation_tablet&quot;:&quot;none&quot;}\" data-widget_type=\"heading.default\">\n\t\t\t\t<div class=\"elementor-widget-container\">\n\t\t\t\t\t<h3 class=\"elementor-heading-title elementor-size-default\">Entdecken Sie unsere Campus Le Vivier 15<\/h3>\t\t\t\t<\/div>\n\t\t\t\t<\/div>\n\t\t\t\t<div class=\"elementor-element elementor-element-1af7e917 animated-slow elementor-mobile-align-center elementor-icon-list--layout-traditional elementor-list-item-link-full_width elementor-invisible elementor-widget elementor-widget-icon-list\" data-id=\"1af7e917\" data-element_type=\"widget\" data-e-type=\"widget\" data-settings=\"{&quot;_animation&quot;:&quot;fadeIn&quot;,&quot;_animation_delay&quot;:300,&quot;_animation_tablet&quot;:&quot;none&quot;}\" data-widget_type=\"icon-list.default\">\n\t\t\t\t<div class=\"elementor-widget-container\">\n\t\t\t\t\t\t\t<ul class=\"elementor-icon-list-items\">\n\t\t\t\t\t\t\t<li class=\"elementor-icon-list-item\">\n\t\t\t\t\t\t\t\t\t\t\t<a href=\"https:\/\/www.google.com\/maps\/place\/Le+Vivier+15,+1690+Villaz-Saint-Pierre\/@46.7184925,6.9596297,17z\/data=!3m1!4b1!4m5!3m4!1s0x478e7bc7bb706af5:0xc12d9abe3aae6d5!8m2!3d46.7184889!4d6.9622046?entry=ttu&#038;g_ep=EgoyMDI0MDkxMS4wIKXMDSoASAFQAw%3D%3D\" target=\"_blank\">\n\n\t\t\t\t\t\t\t\t\t\t\t\t<span class=\"elementor-icon-list-icon\">\n\t\t\t\t\t\t\t<svg aria-hidden=\"true\" class=\"e-font-icon-svg e-fas-map-marked\" viewBox=\"0 0 576 512\" xmlns=\"http:\/\/www.w3.org\/2000\/svg\"><path d=\"M288 0c-69.59 0-126 56.41-126 126 0 56.26 82.35 158.8 113.9 196.02 6.39 7.54 17.82 7.54 24.2 0C331.65 284.8 414 182.26 414 126 414 56.41 357.59 0 288 0zM20.12 215.95A32.006 32.006 0 0 0 0 245.66v250.32c0 11.32 11.43 19.06 21.94 14.86L160 448V214.92c-8.84-15.98-16.07-31.54-21.25-46.42L20.12 215.95zM288 359.67c-14.07 0-27.38-6.18-36.51-16.96-19.66-23.2-40.57-49.62-59.49-76.72v182l192 64V266c-18.92 27.09-39.82 53.52-59.49 76.72-9.13 10.77-22.44 16.95-36.51 16.95zm266.06-198.51L416 224v288l139.88-55.95A31.996 31.996 0 0 0 576 426.34V176.02c0-11.32-11.43-19.06-21.94-14.86z\"><\/path><\/svg>\t\t\t\t\t\t<\/span>\n\t\t\t\t\t\t\t\t\t\t<span class=\"elementor-icon-list-text\">ZI du Vivier 15, 1690 Villaz-Saint-Pierre<\/span>\n\t\t\t\t\t\t\t\t\t\t\t<\/a>\n\t\t\t\t\t\t\t\t\t<\/li>\n\t\t\t\t\t\t<\/ul>\n\t\t\t\t\t\t<\/div>\n\t\t\t\t<\/div>\n\t\t\t\t<div class=\"elementor-element elementor-element-633a48b animated-slow elementor-invisible elementor-widget elementor-widget-text-editor\" data-id=\"633a48b\" data-element_type=\"widget\" data-e-type=\"widget\" data-settings=\"{&quot;_animation&quot;:&quot;fadeIn&quot;,&quot;_animation_delay&quot;:300,&quot;_animation_tablet&quot;:&quot;none&quot;}\" data-widget_type=\"text-editor.default\">\n\t\t\t\t<div class=\"elementor-widget-container\">\n\t\t\t\t\t\t\t\t\t<p><span style=\"white-space-collapse: preserve;\">Alle unsere Kurse und Schulungen finden auf unserem Campus statt, der bequem mit \u00f6ffentlichen Verkehrsmitteln erreichbar ist.<\/span><\/p>\t\t\t\t\t\t\t\t<\/div>\n\t\t\t\t<\/div>\n\t\t\t\t<div class=\"elementor-element elementor-element-6f8c1f1 animated-slow elementor-invisible elementor-widget elementor-widget-html\" data-id=\"6f8c1f1\" data-element_type=\"widget\" data-e-type=\"widget\" data-settings=\"{&quot;_animation&quot;:&quot;fadeIn&quot;,&quot;_animation_delay&quot;:400,&quot;_animation_tablet&quot;:&quot;none&quot;}\" data-widget_type=\"html.default\">\n\t\t\t\t<div class=\"elementor-widget-container\">\n\t\t\t\t\t<a href=\"https:\/\/www.google.com\/maps\/dir\/\/Frimeca,+Le+Vivier+15,+1690+Villaz-Saint-Pierre\/@46.7015891,6.9201044,14z\/data=!4m2!4m1!3e0?entry=ttu&amp;g_ep=EgoyMDI1MDEyNi4wIKXMDSoASAFQAw%3D%3D\" class=\"fr-button-hover-svg\" target=\"_blank\">\n    <span class=\"fr-text\"><\/span>Anfahrt auf Google Maps<\/span>\n    <svg viewbox=\"0 0 500 150\" class=\"fr-line-svg\">\n        <path d=\"M7.7,145.6C109,125,299.9,116.2,401,121.3c42.1,2.2,87.6,11.8,87.3,25.7\" stroke=\"currentColor\" fill=\"transparent\" stroke-width=\"8\"\/>\n    <\/svg>\n<\/a>\n\t\t\t\t<\/div>\n\t\t\t\t<\/div>\n\t\t\t\t<\/div>\n\t\t<div class=\"elementor-element elementor-element-765fffdd e-con-full e-flex e-con e-child\" data-id=\"765fffdd\" data-element_type=\"container\" data-e-type=\"container\">\n\t\t\t\t<div class=\"elementor-element elementor-element-7c7516c elementor-widget elementor-widget-image\" data-id=\"7c7516c\" data-element_type=\"widget\" data-e-type=\"widget\" data-settings=\"{&quot;motion_fx_motion_fx_scrolling&quot;:&quot;yes&quot;,&quot;motion_fx_translateY_effect&quot;:&quot;yes&quot;,&quot;motion_fx_translateY_speed&quot;:{&quot;unit&quot;:&quot;px&quot;,&quot;size&quot;:2,&quot;sizes&quot;:[]},&quot;motion_fx_devices&quot;:[&quot;desktop&quot;],&quot;motion_fx_translateY_affectedRange&quot;:{&quot;unit&quot;:&quot;%&quot;,&quot;size&quot;:&quot;&quot;,&quot;sizes&quot;:{&quot;start&quot;:0,&quot;end&quot;:100}}}\" data-widget_type=\"image.default\">\n\t\t\t\t<div class=\"elementor-widget-container\">\n\t\t\t\t\t\t\t\t\t\t\t\t\t\t\t<img fetchpriority=\"high\" decoding=\"async\" width=\"800\" height=\"806\" src=\"https:\/\/www.frimeca.ch\/wp-content\/uploads\/2024\/09\/le-vivier-centre-de-formation.webp\" class=\"attachment-full size-full wp-image-4629\" alt=\"\" srcset=\"https:\/\/www.frimeca.ch\/wp-content\/uploads\/2024\/09\/le-vivier-centre-de-formation.webp 800w, https:\/\/www.frimeca.ch\/wp-content\/uploads\/2024\/09\/le-vivier-centre-de-formation-298x300.webp 298w, https:\/\/www.frimeca.ch\/wp-content\/uploads\/2024\/09\/le-vivier-centre-de-formation-150x150.webp 150w, https:\/\/www.frimeca.ch\/wp-content\/uploads\/2024\/09\/le-vivier-centre-de-formation-768x774.webp 768w\" sizes=\"(max-width: 800px) 100vw, 800px\" \/>\t\t\t\t\t\t\t\t\t\t\t\t\t\t\t<\/div>\n\t\t\t\t<\/div>\n\t\t\t\t<\/div>\n\t\t\t\t<\/div>\n\t\t\t\t<\/div>\n\t\t<\/div>\n\t\t\t\t\t\t<\/div>\n\t\t\t\t<\/div>\n\t\t\t\t<\/div>\n\t\t\t\t<\/div>\n\t\t","protected":false},"excerpt":{"rendered":"<p>Frimeca in wenigen Worten Kontaktieren Sie uns Das Ziel des Berufsbildungszentrums von Frimeca: F\u00f6rderung und Ausbildung der Talente von morgen Frimeca vereint die Freiburger Unternehmen, die im Bereich der industriellen Technik (Mechanik, Zeichnen, Automation und Elektronik) t\u00e4tig sind. Das Ziel ist es, das Kompetenzniveau der Mitglieder durch die berufliche Erstausbildung und deren F\u00f6rderung zu erh\u00f6hen. [&hellip;]<\/p>\n","protected":false},"author":1,"featured_media":0,"parent":0,"menu_order":0,"comment_status":"closed","ping_status":"closed","template":"","meta":{"footnotes":""},"class_list":["post-4703","page","type-page","status-publish","hentry"],"yoast_head":"<!-- This site is optimized with the Yoast SEO plugin v28.2 - https:\/\/yoast.com\/product\/yoast-seo-wordpress\/ -->\n<title>Frimeca | Ausbildungszentrum f\u00fcr technische Berufe in Freiburg<\/title>\n<meta name=\"description\" content=\"Frimeca, das Ausbildungszentrum des Kantons Freiburg, begleitet Sie auf dem Weg zu einer technischen Karriere in Feinmechanik, Automatisierung und Konstruktion.\" \/>\n<meta name=\"robots\" content=\"index, follow, max-snippet:-1, max-image-preview:large, max-video-preview:-1\" \/>\n<link rel=\"canonical\" href=\"https:\/\/www.frimeca.ch\/de\/ausbildungszentrum\/\" \/>\n<meta property=\"og:locale\" content=\"de_DE\" \/>\n<meta property=\"og:type\" content=\"article\" \/>\n<meta property=\"og:title\" content=\"Frimeca | Ausbildungszentrum f\u00fcr technische Berufe in Freiburg\" \/>\n<meta property=\"og:description\" content=\"Frimeca, das Ausbildungszentrum des Kantons Freiburg, begleitet Sie auf dem Weg zu einer technischen Karriere in Feinmechanik, Automatisierung und Konstruktion.\" \/>\n<meta property=\"og:url\" content=\"https:\/\/www.frimeca.ch\/de\/ausbildungszentrum\/\" \/>\n<meta property=\"og:site_name\" content=\"Frimeca - centre de formation\" \/>\n<meta property=\"article:modified_time\" content=\"2026-04-17T08:23:37+00:00\" \/>\n<meta name=\"twitter:card\" content=\"summary_large_image\" \/>\n<meta name=\"twitter:label1\" content=\"Gesch\u00e4tzte Lesezeit\" \/>\n\t<meta name=\"twitter:data1\" content=\"9\u00a0Minuten\" \/>\n<script type=\"application\/ld+json\" class=\"yoast-schema-graph\">{\"@context\":\"https:\\\/\\\/schema.org\",\"@graph\":[{\"@type\":\"WebPage\",\"@id\":\"https:\\\/\\\/www.frimeca.ch\\\/de\\\/ausbildungszentrum\\\/\",\"url\":\"https:\\\/\\\/www.frimeca.ch\\\/de\\\/ausbildungszentrum\\\/\",\"name\":\"Frimeca | Ausbildungszentrum f\u00fcr technische Berufe in Freiburg\",\"isPartOf\":{\"@id\":\"https:\\\/\\\/www.frimeca.ch\\\/de\\\/#website\"},\"datePublished\":\"2024-09-24T07:49:57+00:00\",\"dateModified\":\"2026-04-17T08:23:37+00:00\",\"description\":\"Frimeca, das Ausbildungszentrum des Kantons Freiburg, begleitet Sie auf dem Weg zu einer technischen Karriere in Feinmechanik, Automatisierung und Konstruktion.\",\"breadcrumb\":{\"@id\":\"https:\\\/\\\/www.frimeca.ch\\\/de\\\/ausbildungszentrum\\\/#breadcrumb\"},\"inLanguage\":\"de\",\"potentialAction\":[{\"@type\":\"ReadAction\",\"target\":[\"https:\\\/\\\/www.frimeca.ch\\\/de\\\/ausbildungszentrum\\\/\"]}]},{\"@type\":\"BreadcrumbList\",\"@id\":\"https:\\\/\\\/www.frimeca.ch\\\/de\\\/ausbildungszentrum\\\/#breadcrumb\",\"itemListElement\":[{\"@type\":\"ListItem\",\"position\":1,\"name\":\"Accueil\",\"item\":\"https:\\\/\\\/www.frimeca.ch\\\/de\\\/\"},{\"@type\":\"ListItem\",\"position\":2,\"name\":\"Ausbildungszentrum\"}]},{\"@type\":\"WebSite\",\"@id\":\"https:\\\/\\\/www.frimeca.ch\\\/de\\\/#website\",\"url\":\"https:\\\/\\\/www.frimeca.ch\\\/de\\\/\",\"name\":\"Frimeca - centre de formation\",\"description\":\"\",\"publisher\":{\"@id\":\"https:\\\/\\\/www.frimeca.ch\\\/de\\\/#organization\"},\"potentialAction\":[{\"@type\":\"SearchAction\",\"target\":{\"@type\":\"EntryPoint\",\"urlTemplate\":\"https:\\\/\\\/www.frimeca.ch\\\/de\\\/?s={search_term_string}\"},\"query-input\":{\"@type\":\"PropertyValueSpecification\",\"valueRequired\":true,\"valueName\":\"search_term_string\"}}],\"inLanguage\":\"de\"},{\"@type\":\"Organization\",\"@id\":\"https:\\\/\\\/www.frimeca.ch\\\/de\\\/#organization\",\"name\":\"Frimeca - centre de formation\",\"url\":\"https:\\\/\\\/www.frimeca.ch\\\/de\\\/\",\"logo\":{\"@type\":\"ImageObject\",\"inLanguage\":\"de\",\"@id\":\"https:\\\/\\\/www.frimeca.ch\\\/de\\\/#\\\/schema\\\/logo\\\/image\\\/\",\"url\":\"https:\\\/\\\/www.frimeca.ch\\\/wp-content\\\/uploads\\\/2024\\\/09\\\/Logo-Frimeca-identite-du-site.webp\",\"contentUrl\":\"https:\\\/\\\/www.frimeca.ch\\\/wp-content\\\/uploads\\\/2024\\\/09\\\/Logo-Frimeca-identite-du-site.webp\",\"width\":512,\"height\":512,\"caption\":\"Frimeca - centre de formation\"},\"image\":{\"@id\":\"https:\\\/\\\/www.frimeca.ch\\\/de\\\/#\\\/schema\\\/logo\\\/image\\\/\"}}]}<\/script>\n<!-- \/ Yoast SEO plugin. -->","yoast_head_json":{"title":"Frimeca | Ausbildungszentrum f\u00fcr technische Berufe in Freiburg","description":"Frimeca, das Ausbildungszentrum des Kantons Freiburg, begleitet Sie auf dem Weg zu einer technischen Karriere in Feinmechanik, Automatisierung und Konstruktion.","robots":{"index":"index","follow":"follow","max-snippet":"max-snippet:-1","max-image-preview":"max-image-preview:large","max-video-preview":"max-video-preview:-1"},"canonical":"https:\/\/www.frimeca.ch\/de\/ausbildungszentrum\/","og_locale":"de_DE","og_type":"article","og_title":"Frimeca | Ausbildungszentrum f\u00fcr technische Berufe in Freiburg","og_description":"Frimeca, das Ausbildungszentrum des Kantons Freiburg, begleitet Sie auf dem Weg zu einer technischen Karriere in Feinmechanik, Automatisierung und Konstruktion.","og_url":"https:\/\/www.frimeca.ch\/de\/ausbildungszentrum\/","og_site_name":"Frimeca - centre de formation","article_modified_time":"2026-04-17T08:23:37+00:00","twitter_card":"summary_large_image","twitter_misc":{"Gesch\u00e4tzte Lesezeit":"9\u00a0Minuten"},"schema":{"@context":"https:\/\/schema.org","@graph":[{"@type":"WebPage","@id":"https:\/\/www.frimeca.ch\/de\/ausbildungszentrum\/","url":"https:\/\/www.frimeca.ch\/de\/ausbildungszentrum\/","name":"Frimeca | Ausbildungszentrum f\u00fcr technische Berufe in Freiburg","isPartOf":{"@id":"https:\/\/www.frimeca.ch\/de\/#website"},"datePublished":"2024-09-24T07:49:57+00:00","dateModified":"2026-04-17T08:23:37+00:00","description":"Frimeca, das Ausbildungszentrum des Kantons Freiburg, begleitet Sie auf dem Weg zu einer technischen Karriere in Feinmechanik, Automatisierung und Konstruktion.","breadcrumb":{"@id":"https:\/\/www.frimeca.ch\/de\/ausbildungszentrum\/#breadcrumb"},"inLanguage":"de","potentialAction":[{"@type":"ReadAction","target":["https:\/\/www.frimeca.ch\/de\/ausbildungszentrum\/"]}]},{"@type":"BreadcrumbList","@id":"https:\/\/www.frimeca.ch\/de\/ausbildungszentrum\/#breadcrumb","itemListElement":[{"@type":"ListItem","position":1,"name":"Accueil","item":"https:\/\/www.frimeca.ch\/de\/"},{"@type":"ListItem","position":2,"name":"Ausbildungszentrum"}]},{"@type":"WebSite","@id":"https:\/\/www.frimeca.ch\/de\/#website","url":"https:\/\/www.frimeca.ch\/de\/","name":"Frimeca - centre de formation","description":"","publisher":{"@id":"https:\/\/www.frimeca.ch\/de\/#organization"},"potentialAction":[{"@type":"SearchAction","target":{"@type":"EntryPoint","urlTemplate":"https:\/\/www.frimeca.ch\/de\/?s={search_term_string}"},"query-input":{"@type":"PropertyValueSpecification","valueRequired":true,"valueName":"search_term_string"}}],"inLanguage":"de"},{"@type":"Organization","@id":"https:\/\/www.frimeca.ch\/de\/#organization","name":"Frimeca - centre de formation","url":"https:\/\/www.frimeca.ch\/de\/","logo":{"@type":"ImageObject","inLanguage":"de","@id":"https:\/\/www.frimeca.ch\/de\/#\/schema\/logo\/image\/","url":"https:\/\/www.frimeca.ch\/wp-content\/uploads\/2024\/09\/Logo-Frimeca-identite-du-site.webp","contentUrl":"https:\/\/www.frimeca.ch\/wp-content\/uploads\/2024\/09\/Logo-Frimeca-identite-du-site.webp","width":512,"height":512,"caption":"Frimeca - centre de formation"},"image":{"@id":"https:\/\/www.frimeca.ch\/de\/#\/schema\/logo\/image\/"}}]}},"_links":{"self":[{"href":"https:\/\/www.frimeca.ch\/de\/wp-json\/wp\/v2\/pages\/4703","targetHints":{"allow":["GET"]}}],"collection":[{"href":"https:\/\/www.frimeca.ch\/de\/wp-json\/wp\/v2\/pages"}],"about":[{"href":"https:\/\/www.frimeca.ch\/de\/wp-json\/wp\/v2\/types\/page"}],"author":[{"embeddable":true,"href":"https:\/\/www.frimeca.ch\/de\/wp-json\/wp\/v2\/users\/1"}],"replies":[{"embeddable":true,"href":"https:\/\/www.frimeca.ch\/de\/wp-json\/wp\/v2\/comments?post=4703"}],"version-history":[{"count":0,"href":"https:\/\/www.frimeca.ch\/de\/wp-json\/wp\/v2\/pages\/4703\/revisions"}],"wp:attachment":[{"href":"https:\/\/www.frimeca.ch\/de\/wp-json\/wp\/v2\/media?parent=4703"}],"curies":[{"name":"wp","href":"https:\/\/api.w.org\/{rel}","templated":true}]}}