{"id":4722,"date":"2024-12-06T09:03:06","date_gmt":"2024-12-06T08:03:06","guid":{"rendered":"https:\/\/www.frimeca.ch\/ausbildung-a-la-carte\/"},"modified":"2025-02-04T17:39:44","modified_gmt":"2025-02-04T16:39:44","slug":"ausbildung-a-la-carte","status":"publish","type":"page","link":"https:\/\/www.frimeca.ch\/de\/ausbildung-a-la-carte\/","title":{"rendered":"Ausbildung \u201e\u00e0 la carte\u201c"},"content":{"rendered":"\t\t<div data-elementor-type=\"wp-page\" data-elementor-id=\"4722\" class=\"elementor elementor-4722 elementor-1087\" data-elementor-post-type=\"page\">\n\t\t\t\t<div class=\"elementor-element elementor-element-e15856b e-con-full fr-t1-container animated-slow e-flex elementor-invisible e-con e-parent\" data-id=\"e15856b\" data-element_type=\"container\" data-e-type=\"container\" data-settings=\"{&quot;background_background&quot;:&quot;classic&quot;,&quot;background_motion_fx_motion_fx_scrolling&quot;:&quot;yes&quot;,&quot;background_motion_fx_translateY_effect&quot;:&quot;yes&quot;,&quot;background_motion_fx_translateY_speed&quot;:{&quot;unit&quot;:&quot;px&quot;,&quot;size&quot;:8,&quot;sizes&quot;:[]},&quot;background_motion_fx_translateY_affectedRange&quot;:{&quot;unit&quot;:&quot;%&quot;,&quot;size&quot;:&quot;&quot;,&quot;sizes&quot;:{&quot;start&quot;:0,&quot;end&quot;:53}},&quot;animation&quot;:&quot;fadeIn&quot;,&quot;animation_tablet&quot;:&quot;fadeIn&quot;,&quot;background_motion_fx_devices&quot;:[&quot;desktop&quot;]}\">\n\t\t<div class=\"elementor-element elementor-element-427575e e-con-full e-flex e-con e-child\" data-id=\"427575e\" data-element_type=\"container\" data-e-type=\"container\">\n\t\t\t\t<div class=\"elementor-element elementor-element-6689945 animated-slow elementor-invisible elementor-widget elementor-widget-heading\" data-id=\"6689945\" data-element_type=\"widget\" data-e-type=\"widget\" data-settings=\"{&quot;_animation&quot;:&quot;fadeIn&quot;,&quot;_animation_delay&quot;:300}\" data-widget_type=\"heading.default\">\n\t\t\t\t<div class=\"elementor-widget-container\">\n\t\t\t\t\t<h1 class=\"elementor-heading-title elementor-size-default\">Ausbildung \"\u00e0 la carte\" \u2013 eine flexible L\u00f6sung f\u00fcr die Ausbildung Ihrer Lernenden<\/h1>\t\t\t\t<\/div>\n\t\t\t\t<\/div>\n\t\t\t\t<\/div>\n\t\t<div class=\"elementor-element elementor-element-bdace6b e-con-full animated-slow e-flex elementor-invisible e-con e-child\" data-id=\"bdace6b\" data-element_type=\"container\" data-e-type=\"container\" data-settings=\"{&quot;animation&quot;:&quot;fadeIn&quot;,&quot;animation_delay&quot;:500}\">\n\t\t\t\t<div class=\"elementor-element elementor-element-4ca1d0c elementor-widget elementor-widget-html\" data-id=\"4ca1d0c\" data-element_type=\"widget\" data-e-type=\"widget\" data-widget_type=\"html.default\">\n\t\t\t\t<div class=\"elementor-widget-container\">\n\t\t\t\t\t<a href=\"https:\/\/www.frimeca.ch\/de\/kontakt\/\" class=\"blanc-fr-button-hover-svg\">\n    <span class=\"fr-text\">Kontaktieren Sie uns, um mehr zu erfahren<\/span>\n    <svg viewbox=\"0 0 500 150\" class=\"blanc-fr-line-svg\">\n        <path d=\"M7.7,145.6C109,125,299.9,116.2,401,121.3c42.1,2.2,87.6,11.8,87.3,25.7\" stroke=\"currentColor\" fill=\"transparent\" stroke-width=\"3\"\/>\n    <\/svg>\n<\/a>\n\t\t\t\t<\/div>\n\t\t\t\t<\/div>\n\t\t\t\t<\/div>\n\t\t\t\t<\/div>\n\t\t<div class=\"elementor-element elementor-element-72d4daa e-con-full e-flex elementor-invisible e-con e-child\" data-id=\"72d4daa\" data-element_type=\"container\" data-e-type=\"container\" id=\"fr-cont-max\" data-settings=\"{&quot;animation&quot;:&quot;fadeIn&quot;,&quot;animation_tablet&quot;:&quot;none&quot;}\">\n\t\t<div class=\"elementor-element elementor-element-71aa24b e-con-full e-flex elementor-invisible e-con e-child\" data-id=\"71aa24b\" data-element_type=\"container\" data-e-type=\"container\" data-settings=\"{&quot;animation&quot;:&quot;fadeIn&quot;,&quot;motion_fx_motion_fx_scrolling&quot;:&quot;yes&quot;,&quot;motion_fx_translateY_effect&quot;:&quot;yes&quot;,&quot;motion_fx_translateY_speed&quot;:{&quot;unit&quot;:&quot;px&quot;,&quot;size&quot;:2,&quot;sizes&quot;:[]},&quot;motion_fx_devices&quot;:[&quot;desktop&quot;],&quot;animation_tablet&quot;:&quot;none&quot;,&quot;motion_fx_translateY_affectedRange&quot;:{&quot;unit&quot;:&quot;%&quot;,&quot;size&quot;:&quot;&quot;,&quot;sizes&quot;:{&quot;start&quot;:0,&quot;end&quot;:100}}}\">\n\t\t\t\t<div class=\"elementor-element elementor-element-730dfee elementor-widget elementor-widget-heading\" data-id=\"730dfee\" data-element_type=\"widget\" data-e-type=\"widget\" data-widget_type=\"heading.default\">\n\t\t\t\t<div class=\"elementor-widget-container\">\n\t\t\t\t\t<h2 class=\"elementor-heading-title elementor-size-default\">Entdecken Sie die modularen Ausbildungspl\u00e4ne, die auf die Bed\u00fcrfnisse Ihres Unternehmens zugeschnitten sind.<\/h2>\t\t\t\t<\/div>\n\t\t\t\t<\/div>\n\t\t\t\t<div class=\"elementor-element elementor-element-77507ae elementor-widget elementor-widget-text-editor\" data-id=\"77507ae\" data-element_type=\"widget\" data-e-type=\"widget\" data-widget_type=\"text-editor.default\">\n\t\t\t\t<div class=\"elementor-widget-container\">\n\t\t\t\t\t\t\t\t\t<p>Seit 2015 bietet Frimeca eine sogenannte &#8222;\u00e0 la carte&#8220;-Ausbildung als Erg\u00e4nzung zu den \u00fcberbetrieblichen Kursen (\u00dcK) an. Diese massgeschneiderte L\u00f6sung bietet Unternehmen eine hohe Flexibilit\u00e4t:<\/p><p><b>Individuelle Anpassung der Ausbildungsinhalte:<\/b> Passen Sie die Inhalte und die vermittelten F\u00e4higkeiten an die Bed\u00fcrfnisse Ihrer Branche an.<\/p><p><b>Optimierte Ressourcennutzung:<\/b> Bilden Sie Ihre Lernenden aus, ohne Ihre Infrastruktur und Ihr Personal zu \u00fcberlasten.<\/p><p><b>Einfachere Teilnahme: <\/b>Durch diesen Ansatz k\u00f6nnen neue Unternehmen unserem Netzwerk beitreten und zur Ausbildung der Talente beitragen, die unsere Industrie so dringend ben\u00f6tigt.<\/p>\t\t\t\t\t\t\t\t<\/div>\n\t\t\t\t<\/div>\n\t\t\t\t<\/div>\n\t\t<div class=\"elementor-element elementor-element-e2e5a7c e-con-full e-flex e-con e-child\" data-id=\"e2e5a7c\" data-element_type=\"container\" data-e-type=\"container\" data-settings=\"{&quot;background_background&quot;:&quot;classic&quot;,&quot;motion_fx_motion_fx_scrolling&quot;:&quot;yes&quot;,&quot;motion_fx_translateY_effect&quot;:&quot;yes&quot;,&quot;motion_fx_translateY_speed&quot;:{&quot;unit&quot;:&quot;px&quot;,&quot;size&quot;:2,&quot;sizes&quot;:[]},&quot;motion_fx_translateY_affectedRange&quot;:{&quot;unit&quot;:&quot;%&quot;,&quot;size&quot;:&quot;&quot;,&quot;sizes&quot;:{&quot;start&quot;:35,&quot;end&quot;:65}},&quot;motion_fx_devices&quot;:[&quot;desktop&quot;]}\">\n\t\t<div class=\"elementor-element elementor-element-727ee91 e-con-full e-flex e-con e-child\" data-id=\"727ee91\" data-element_type=\"container\" data-e-type=\"container\" data-settings=\"{&quot;background_background&quot;:&quot;classic&quot;}\">\n\t\t\t\t<div class=\"elementor-element elementor-element-d6280be elementor-align-start elementor-widget__width-initial elementor-icon-list--layout-traditional elementor-list-item-link-full_width elementor-widget elementor-widget-icon-list\" data-id=\"d6280be\" data-element_type=\"widget\" data-e-type=\"widget\" data-widget_type=\"icon-list.default\">\n\t\t\t\t<div class=\"elementor-widget-container\">\n\t\t\t\t\t\t\t<ul class=\"elementor-icon-list-items\">\n\t\t\t\t\t\t\t<li class=\"elementor-icon-list-item\">\n\t\t\t\t\t\t\t\t\t\t\t<a href=\"https:\/\/www.frimeca.ch\/wp-content\/uploads\/2024\/12\/1._New_23-24_Details_-_prix_PM__rev._0.pdf\" target=\"_blank\">\n\n\t\t\t\t\t\t\t\t\t\t\t\t<span class=\"elementor-icon-list-icon\">\n\t\t\t\t\t\t\t<svg aria-hidden=\"true\" class=\"e-font-icon-svg e-far-file\" viewBox=\"0 0 384 512\" xmlns=\"http:\/\/www.w3.org\/2000\/svg\"><path d=\"M369.9 97.9L286 14C277 5 264.8-.1 252.1-.1H48C21.5 0 0 21.5 0 48v416c0 26.5 21.5 48 48 48h288c26.5 0 48-21.5 48-48V131.9c0-12.7-5.1-25-14.1-34zM332.1 128H256V51.9l76.1 76.1zM48 464V48h160v104c0 13.3 10.7 24 24 24h104v288H48z\"><\/path><\/svg>\t\t\t\t\t\t<\/span>\n\t\t\t\t\t\t\t\t\t\t<span class=\"elementor-icon-list-text\">PM : Modularer Ausbildungsplan<\/span>\n\t\t\t\t\t\t\t\t\t\t\t<\/a>\n\t\t\t\t\t\t\t\t\t<\/li>\n\t\t\t\t\t\t\t\t<li class=\"elementor-icon-list-item\">\n\t\t\t\t\t\t\t\t\t\t\t<a href=\"https:\/\/www.frimeca.ch\/wp-content\/uploads\/2024\/12\/4._New_23-24_Details_-_prix_PR__rev._0.pdf\" target=\"_blank\">\n\n\t\t\t\t\t\t\t\t\t\t\t\t<span class=\"elementor-icon-list-icon\">\n\t\t\t\t\t\t\t<svg aria-hidden=\"true\" class=\"e-font-icon-svg e-far-file\" viewBox=\"0 0 384 512\" xmlns=\"http:\/\/www.w3.org\/2000\/svg\"><path d=\"M369.9 97.9L286 14C277 5 264.8-.1 252.1-.1H48C21.5 0 0 21.5 0 48v416c0 26.5 21.5 48 48 48h288c26.5 0 48-21.5 48-48V131.9c0-12.7-5.1-25-14.1-34zM332.1 128H256V51.9l76.1 76.1zM48 464V48h160v104c0 13.3 10.7 24 24 24h104v288H48z\"><\/path><\/svg>\t\t\t\t\t\t<\/span>\n\t\t\t\t\t\t\t\t\t\t<span class=\"elementor-icon-list-text\">PR : Modularer Ausbildungsplan<\/span>\n\t\t\t\t\t\t\t\t\t\t\t<\/a>\n\t\t\t\t\t\t\t\t\t<\/li>\n\t\t\t\t\t\t\t\t<li class=\"elementor-icon-list-item\">\n\t\t\t\t\t\t\t\t\t\t\t<a href=\"https:\/\/www.frimeca.ch\/wp-content\/uploads\/2024\/12\/5._New_23-24_Details_-_prix_AU_rev._0.pdf\" target=\"_blank\">\n\n\t\t\t\t\t\t\t\t\t\t\t\t<span class=\"elementor-icon-list-icon\">\n\t\t\t\t\t\t\t<svg aria-hidden=\"true\" class=\"e-font-icon-svg e-far-file\" viewBox=\"0 0 384 512\" xmlns=\"http:\/\/www.w3.org\/2000\/svg\"><path d=\"M369.9 97.9L286 14C277 5 264.8-.1 252.1-.1H48C21.5 0 0 21.5 0 48v416c0 26.5 21.5 48 48 48h288c26.5 0 48-21.5 48-48V131.9c0-12.7-5.1-25-14.1-34zM332.1 128H256V51.9l76.1 76.1zM48 464V48h160v104c0 13.3 10.7 24 24 24h104v288H48z\"><\/path><\/svg>\t\t\t\t\t\t<\/span>\n\t\t\t\t\t\t\t\t\t\t<span class=\"elementor-icon-list-text\">AU : Modularer Ausbildungsplan<\/span>\n\t\t\t\t\t\t\t\t\t\t\t<\/a>\n\t\t\t\t\t\t\t\t\t<\/li>\n\t\t\t\t\t\t\t\t<li class=\"elementor-icon-list-item\">\n\t\t\t\t\t\t\t\t\t\t\t<a href=\"https:\/\/www.frimeca.ch\/wp-content\/uploads\/2024\/12\/21-22_Details_-_prix_AM__rev._0.pdf\" target=\"_blank\">\n\n\t\t\t\t\t\t\t\t\t\t\t\t<span class=\"elementor-icon-list-icon\">\n\t\t\t\t\t\t\t<svg aria-hidden=\"true\" class=\"e-font-icon-svg e-far-file\" viewBox=\"0 0 384 512\" xmlns=\"http:\/\/www.w3.org\/2000\/svg\"><path d=\"M369.9 97.9L286 14C277 5 264.8-.1 252.1-.1H48C21.5 0 0 21.5 0 48v416c0 26.5 21.5 48 48 48h288c26.5 0 48-21.5 48-48V131.9c0-12.7-5.1-25-14.1-34zM332.1 128H256V51.9l76.1 76.1zM48 464V48h160v104c0 13.3 10.7 24 24 24h104v288H48z\"><\/path><\/svg>\t\t\t\t\t\t<\/span>\n\t\t\t\t\t\t\t\t\t\t<span class=\"elementor-icon-list-text\">AM : Modularer Ausbildungsplan<\/span>\n\t\t\t\t\t\t\t\t\t\t\t<\/a>\n\t\t\t\t\t\t\t\t\t<\/li>\n\t\t\t\t\t\t\t\t<li class=\"elementor-icon-list-item\">\n\t\t\t\t\t\t\t\t\t\t\t<a href=\"https:\/\/www.frimeca.ch\/wp-content\/uploads\/2024\/12\/3._New_23-24_Details_-_prix_KR__rev._0.pdf\" target=\"_blank\">\n\n\t\t\t\t\t\t\t\t\t\t\t\t<span class=\"elementor-icon-list-icon\">\n\t\t\t\t\t\t\t<svg aria-hidden=\"true\" class=\"e-font-icon-svg e-far-file\" viewBox=\"0 0 384 512\" xmlns=\"http:\/\/www.w3.org\/2000\/svg\"><path d=\"M369.9 97.9L286 14C277 5 264.8-.1 252.1-.1H48C21.5 0 0 21.5 0 48v416c0 26.5 21.5 48 48 48h288c26.5 0 48-21.5 48-48V131.9c0-12.7-5.1-25-14.1-34zM332.1 128H256V51.9l76.1 76.1zM48 464V48h160v104c0 13.3 10.7 24 24 24h104v288H48z\"><\/path><\/svg>\t\t\t\t\t\t<\/span>\n\t\t\t\t\t\t\t\t\t\t<span class=\"elementor-icon-list-text\">KR : Modularer Ausbildungsplan<\/span>\n\t\t\t\t\t\t\t\t\t\t\t<\/a>\n\t\t\t\t\t\t\t\t\t<\/li>\n\t\t\t\t\t\t\t\t<li class=\"elementor-icon-list-item\">\n\t\t\t\t\t\t\t\t\t\t\t<a href=\"https:\/\/www.frimeca.ch\/wp-content\/uploads\/2024\/12\/2._New_23-24_Details_-_prix_OMA__rev._0.pdf\" target=\"_blank\">\n\n\t\t\t\t\t\t\t\t\t\t\t\t<span class=\"elementor-icon-list-icon\">\n\t\t\t\t\t\t\t<svg aria-hidden=\"true\" class=\"e-font-icon-svg e-far-file\" viewBox=\"0 0 384 512\" xmlns=\"http:\/\/www.w3.org\/2000\/svg\"><path d=\"M369.9 97.9L286 14C277 5 264.8-.1 252.1-.1H48C21.5 0 0 21.5 0 48v416c0 26.5 21.5 48 48 48h288c26.5 0 48-21.5 48-48V131.9c0-12.7-5.1-25-14.1-34zM332.1 128H256V51.9l76.1 76.1zM48 464V48h160v104c0 13.3 10.7 24 24 24h104v288H48z\"><\/path><\/svg>\t\t\t\t\t\t<\/span>\n\t\t\t\t\t\t\t\t\t\t<span class=\"elementor-icon-list-text\"> AF : Modularer Ausbildungsplan<\/span>\n\t\t\t\t\t\t\t\t\t\t\t<\/a>\n\t\t\t\t\t\t\t\t\t<\/li>\n\t\t\t\t\t\t<\/ul>\n\t\t\t\t\t\t<\/div>\n\t\t\t\t<\/div>\n\t\t\t\t<\/div>\n\t\t\t\t<div class=\"elementor-element elementor-element-773e8a0 elementor-align-center elementor-widget elementor-widget-button\" data-id=\"773e8a0\" data-element_type=\"widget\" data-e-type=\"widget\" data-widget_type=\"button.default\">\n\t\t\t\t<div class=\"elementor-widget-container\">\n\t\t\t\t\t\t\t\t\t<div class=\"elementor-button-wrapper\">\n\t\t\t\t\t<a class=\"elementor-button elementor-button-link elementor-size-sm\" href=\"https:\/\/www.frimeca.ch\/de\/kontakt\/\">\n\t\t\t\t\t\t<span class=\"elementor-button-content-wrapper\">\n\t\t\t\t\t\t\t\t\t<span class=\"elementor-button-text\">Kontaktieren Sie uns<\/span>\n\t\t\t\t\t<\/span>\n\t\t\t\t\t<\/a>\n\t\t\t\t<\/div>\n\t\t\t\t\t\t\t\t<\/div>\n\t\t\t\t<\/div>\n\t\t\t\t<\/div>\n\t\t\t\t<\/div>\n\t\t<div class=\"elementor-element elementor-element-8ee45fa e-flex e-con-boxed elementor-invisible e-con e-parent\" data-id=\"8ee45fa\" data-element_type=\"container\" data-e-type=\"container\" data-settings=\"{&quot;animation&quot;:&quot;fadeIn&quot;}\">\n\t\t\t\t\t<div class=\"e-con-inner\">\n\t\t\t\t<div class=\"elementor-element elementor-element-686e54c elementor-widget elementor-widget-shortcode\" data-id=\"686e54c\" data-element_type=\"widget\" data-e-type=\"widget\" data-widget_type=\"shortcode.default\">\n\t\t\t\t<div class=\"elementor-widget-container\">\n\t\t\t\t\t\t\t<div class=\"elementor-shortcode\">\t\t<div data-elementor-type=\"container\" data-elementor-id=\"4727\" class=\"elementor elementor-4727 elementor-1110 elementor-1110\" data-elementor-post-type=\"elementor_library\">\n\t\t\t\t<div class=\"elementor-element elementor-element-f5a14fb e-con-full e-flex e-con e-parent\" data-id=\"f5a14fb\" data-element_type=\"container\" data-e-type=\"container\">\n\t\t\t\t<div class=\"elementor-element elementor-element-7dc294a animated-slow elementor-headline--style-highlight elementor-invisible elementor-widget elementor-widget-animated-headline\" data-id=\"7dc294a\" data-element_type=\"widget\" data-e-type=\"widget\" data-settings=\"{&quot;highlighted_text&quot;:&quot;Partnerunternehmen&quot;,&quot;_animation&quot;:&quot;slideInUp&quot;,&quot;headline_style&quot;:&quot;highlight&quot;,&quot;marker&quot;:&quot;circle&quot;,&quot;highlight_animation_duration&quot;:1200}\" data-widget_type=\"animated-headline.default\">\n\t\t\t\t<div class=\"elementor-widget-container\">\n\t\t\t\t\t\t\t<h3 class=\"elementor-headline\">\n\t\t\t\t\t<span class=\"elementor-headline-plain-text elementor-headline-text-wrapper\">Entdecken Sie unsere<\/span>\n\t\t\t\t<span class=\"elementor-headline-dynamic-wrapper elementor-headline-text-wrapper\">\n\t\t\t\t\t<span class=\"elementor-headline-dynamic-text elementor-headline-text-active\">Partnerunternehmen<\/span>\n\t\t\t\t<\/span>\n\t\t\t\t<\/h3>\n\t\t\t\t\t\t<\/div>\n\t\t\t\t<\/div>\n\t\t\t\t<div class=\"elementor-element elementor-element-1c41932 elementor-invisible elementor-widget elementor-widget-text-editor\" data-id=\"1c41932\" data-element_type=\"widget\" data-e-type=\"widget\" data-settings=\"{&quot;_animation&quot;:&quot;slideInUp&quot;,&quot;_animation_delay&quot;:200}\" data-widget_type=\"text-editor.default\">\n\t\t\t\t<div class=\"elementor-widget-container\">\n\t\t\t\t\t\t\t\t\t<p>Frimeca vereint die Freiburger Unternehmen, die in den Bereichen Mechanik, Elektrizit\u00e4t und Maschinenbau t\u00e4tig sind. <br \/>Die Mitgliedsunternehmen sind bestrebt, Mitarbeiter, Ingenieure und F\u00fchrungskr\u00e4fte der Zukunft auszubilden. Gemeinsam bauen wir eine nachhaltige Zukunft f\u00fcr die regionale Industrie auf, indem wir Jahr f\u00fcr Jahr qualifizierte Fachkr\u00e4fte, Ingenieure und F\u00fchrungskr\u00e4fte ausbilden.<\/p>\t\t\t\t\t\t\t\t<\/div>\n\t\t\t\t<\/div>\n\t\t\t\t<div class=\"elementor-element elementor-element-27e80e8 elementor-align-center elementor-invisible elementor-widget elementor-widget-button\" data-id=\"27e80e8\" data-element_type=\"widget\" data-e-type=\"widget\" data-settings=\"{&quot;_animation&quot;:&quot;slideInUp&quot;,&quot;_animation_delay&quot;:250}\" data-widget_type=\"button.default\">\n\t\t\t\t<div class=\"elementor-widget-container\">\n\t\t\t\t\t\t\t\t\t<div class=\"elementor-button-wrapper\">\n\t\t\t\t\t<a class=\"elementor-button elementor-button-link elementor-size-sm\" href=\"https:\/\/www.frimeca.ch\/de\/partnerunternehmen\/\">\n\t\t\t\t\t\t<span class=\"elementor-button-content-wrapper\">\n\t\t\t\t\t\t\t\t\t<span class=\"elementor-button-text\">Weitere Informationen<\/span>\n\t\t\t\t\t<\/span>\n\t\t\t\t\t<\/a>\n\t\t\t\t<\/div>\n\t\t\t\t\t\t\t\t<\/div>\n\t\t\t\t<\/div>\n\t\t\t\t<\/div>\n\t\t\t\t<\/div>\n\t\t<\/div>\n\t\t\t\t\t\t<\/div>\n\t\t\t\t<\/div>\n\t\t\t\t\t<\/div>\n\t\t\t\t<\/div>\n\t\t\t\t<\/div>\n\t\t","protected":false},"excerpt":{"rendered":"<p>Ausbildung &#8222;\u00e0 la carte&#8220; \u2013 eine flexible L\u00f6sung f\u00fcr die Ausbildung Ihrer Lernenden Kontaktieren Sie uns, um mehr zu erfahren Entdecken Sie die modularen Ausbildungspl\u00e4ne, die auf die Bed\u00fcrfnisse Ihres Unternehmens zugeschnitten sind. Seit 2015 bietet Frimeca eine sogenannte &#8222;\u00e0 la carte&#8220;-Ausbildung als Erg\u00e4nzung zu den \u00fcberbetrieblichen Kursen (\u00dcK) an. Diese massgeschneiderte L\u00f6sung bietet Unternehmen [&hellip;]<\/p>\n","protected":false},"author":1,"featured_media":0,"parent":0,"menu_order":0,"comment_status":"closed","ping_status":"closed","template":"elementor_header_footer","meta":{"footnotes":""},"class_list":["post-4722","page","type-page","status-publish","hentry"],"yoast_head":"<!-- This site is optimized with the Yoast SEO plugin v28.2 - https:\/\/yoast.com\/product\/yoast-seo-wordpress\/ -->\n<title>Ausbildung &quot;\u00e0 la carte&quot; | Frimeca Freiburg<\/title>\n<meta name=\"description\" content=\"Frimeca bietet eine duale Ausbildung \u201e\u00e0 la carte\u201c, damit Unternehmen ihre Lernenden flexibel ausbilden und die Talente von morgen f\u00f6rdern k\u00f6nnen.\" \/>\n<meta name=\"robots\" content=\"index, follow, max-snippet:-1, max-image-preview:large, max-video-preview:-1\" \/>\n<link rel=\"canonical\" href=\"https:\/\/www.frimeca.ch\/de\/ausbildung-a-la-carte\/\" \/>\n<meta property=\"og:locale\" content=\"de_DE\" \/>\n<meta property=\"og:type\" content=\"article\" \/>\n<meta property=\"og:title\" content=\"Ausbildung &quot;\u00e0 la carte&quot; | Frimeca Freiburg\" \/>\n<meta property=\"og:description\" content=\"Frimeca bietet eine duale Ausbildung \u201e\u00e0 la carte\u201c, damit Unternehmen ihre Lernenden flexibel ausbilden und die Talente von morgen f\u00f6rdern k\u00f6nnen.\" \/>\n<meta property=\"og:url\" content=\"https:\/\/www.frimeca.ch\/de\/ausbildung-a-la-carte\/\" \/>\n<meta property=\"og:site_name\" content=\"Frimeca - centre de formation\" \/>\n<meta property=\"article:modified_time\" content=\"2025-02-04T16:39:44+00:00\" \/>\n<meta name=\"twitter:card\" content=\"summary_large_image\" \/>\n<meta name=\"twitter:label1\" content=\"Gesch\u00e4tzte Lesezeit\" \/>\n\t<meta name=\"twitter:data1\" content=\"1\u00a0Minute\" \/>\n<script type=\"application\/ld+json\" class=\"yoast-schema-graph\">{\"@context\":\"https:\\\/\\\/schema.org\",\"@graph\":[{\"@type\":\"WebPage\",\"@id\":\"https:\\\/\\\/www.frimeca.ch\\\/de\\\/ausbildung-a-la-carte\\\/\",\"url\":\"https:\\\/\\\/www.frimeca.ch\\\/de\\\/ausbildung-a-la-carte\\\/\",\"name\":\"Ausbildung \\\"\u00e0 la carte\\\" | Frimeca Freiburg\",\"isPartOf\":{\"@id\":\"https:\\\/\\\/www.frimeca.ch\\\/de\\\/#website\"},\"datePublished\":\"2024-12-06T08:03:06+00:00\",\"dateModified\":\"2025-02-04T16:39:44+00:00\",\"description\":\"Frimeca bietet eine duale Ausbildung \u201e\u00e0 la carte\u201c, damit Unternehmen ihre Lernenden flexibel ausbilden und die Talente von morgen f\u00f6rdern k\u00f6nnen.\",\"breadcrumb\":{\"@id\":\"https:\\\/\\\/www.frimeca.ch\\\/de\\\/ausbildung-a-la-carte\\\/#breadcrumb\"},\"inLanguage\":\"de\",\"potentialAction\":[{\"@type\":\"ReadAction\",\"target\":[\"https:\\\/\\\/www.frimeca.ch\\\/de\\\/ausbildung-a-la-carte\\\/\"]}]},{\"@type\":\"BreadcrumbList\",\"@id\":\"https:\\\/\\\/www.frimeca.ch\\\/de\\\/ausbildung-a-la-carte\\\/#breadcrumb\",\"itemListElement\":[{\"@type\":\"ListItem\",\"position\":1,\"name\":\"Accueil\",\"item\":\"https:\\\/\\\/www.frimeca.ch\\\/de\\\/\"},{\"@type\":\"ListItem\",\"position\":2,\"name\":\"Ausbildung \u201e\u00e0 la carte\u201c\"}]},{\"@type\":\"WebSite\",\"@id\":\"https:\\\/\\\/www.frimeca.ch\\\/de\\\/#website\",\"url\":\"https:\\\/\\\/www.frimeca.ch\\\/de\\\/\",\"name\":\"Frimeca - centre de formation\",\"description\":\"\",\"publisher\":{\"@id\":\"https:\\\/\\\/www.frimeca.ch\\\/de\\\/#organization\"},\"potentialAction\":[{\"@type\":\"SearchAction\",\"target\":{\"@type\":\"EntryPoint\",\"urlTemplate\":\"https:\\\/\\\/www.frimeca.ch\\\/de\\\/?s={search_term_string}\"},\"query-input\":{\"@type\":\"PropertyValueSpecification\",\"valueRequired\":true,\"valueName\":\"search_term_string\"}}],\"inLanguage\":\"de\"},{\"@type\":\"Organization\",\"@id\":\"https:\\\/\\\/www.frimeca.ch\\\/de\\\/#organization\",\"name\":\"Frimeca - centre de formation\",\"url\":\"https:\\\/\\\/www.frimeca.ch\\\/de\\\/\",\"logo\":{\"@type\":\"ImageObject\",\"inLanguage\":\"de\",\"@id\":\"https:\\\/\\\/www.frimeca.ch\\\/de\\\/#\\\/schema\\\/logo\\\/image\\\/\",\"url\":\"https:\\\/\\\/www.frimeca.ch\\\/wp-content\\\/uploads\\\/2024\\\/09\\\/Logo-Frimeca-identite-du-site.webp\",\"contentUrl\":\"https:\\\/\\\/www.frimeca.ch\\\/wp-content\\\/uploads\\\/2024\\\/09\\\/Logo-Frimeca-identite-du-site.webp\",\"width\":512,\"height\":512,\"caption\":\"Frimeca - centre de formation\"},\"image\":{\"@id\":\"https:\\\/\\\/www.frimeca.ch\\\/de\\\/#\\\/schema\\\/logo\\\/image\\\/\"}}]}<\/script>\n<!-- \/ Yoast SEO plugin. -->","yoast_head_json":{"title":"Ausbildung \"\u00e0 la carte\" | Frimeca Freiburg","description":"Frimeca bietet eine duale Ausbildung \u201e\u00e0 la carte\u201c, damit Unternehmen ihre Lernenden flexibel ausbilden und die Talente von morgen f\u00f6rdern k\u00f6nnen.","robots":{"index":"index","follow":"follow","max-snippet":"max-snippet:-1","max-image-preview":"max-image-preview:large","max-video-preview":"max-video-preview:-1"},"canonical":"https:\/\/www.frimeca.ch\/de\/ausbildung-a-la-carte\/","og_locale":"de_DE","og_type":"article","og_title":"Ausbildung \"\u00e0 la carte\" | Frimeca Freiburg","og_description":"Frimeca bietet eine duale Ausbildung \u201e\u00e0 la carte\u201c, damit Unternehmen ihre Lernenden flexibel ausbilden und die Talente von morgen f\u00f6rdern k\u00f6nnen.","og_url":"https:\/\/www.frimeca.ch\/de\/ausbildung-a-la-carte\/","og_site_name":"Frimeca - centre de formation","article_modified_time":"2025-02-04T16:39:44+00:00","twitter_card":"summary_large_image","twitter_misc":{"Gesch\u00e4tzte Lesezeit":"1\u00a0Minute"},"schema":{"@context":"https:\/\/schema.org","@graph":[{"@type":"WebPage","@id":"https:\/\/www.frimeca.ch\/de\/ausbildung-a-la-carte\/","url":"https:\/\/www.frimeca.ch\/de\/ausbildung-a-la-carte\/","name":"Ausbildung \"\u00e0 la carte\" | Frimeca Freiburg","isPartOf":{"@id":"https:\/\/www.frimeca.ch\/de\/#website"},"datePublished":"2024-12-06T08:03:06+00:00","dateModified":"2025-02-04T16:39:44+00:00","description":"Frimeca bietet eine duale Ausbildung \u201e\u00e0 la carte\u201c, damit Unternehmen ihre Lernenden flexibel ausbilden und die Talente von morgen f\u00f6rdern k\u00f6nnen.","breadcrumb":{"@id":"https:\/\/www.frimeca.ch\/de\/ausbildung-a-la-carte\/#breadcrumb"},"inLanguage":"de","potentialAction":[{"@type":"ReadAction","target":["https:\/\/www.frimeca.ch\/de\/ausbildung-a-la-carte\/"]}]},{"@type":"BreadcrumbList","@id":"https:\/\/www.frimeca.ch\/de\/ausbildung-a-la-carte\/#breadcrumb","itemListElement":[{"@type":"ListItem","position":1,"name":"Accueil","item":"https:\/\/www.frimeca.ch\/de\/"},{"@type":"ListItem","position":2,"name":"Ausbildung \u201e\u00e0 la carte\u201c"}]},{"@type":"WebSite","@id":"https:\/\/www.frimeca.ch\/de\/#website","url":"https:\/\/www.frimeca.ch\/de\/","name":"Frimeca - centre de formation","description":"","publisher":{"@id":"https:\/\/www.frimeca.ch\/de\/#organization"},"potentialAction":[{"@type":"SearchAction","target":{"@type":"EntryPoint","urlTemplate":"https:\/\/www.frimeca.ch\/de\/?s={search_term_string}"},"query-input":{"@type":"PropertyValueSpecification","valueRequired":true,"valueName":"search_term_string"}}],"inLanguage":"de"},{"@type":"Organization","@id":"https:\/\/www.frimeca.ch\/de\/#organization","name":"Frimeca - centre de formation","url":"https:\/\/www.frimeca.ch\/de\/","logo":{"@type":"ImageObject","inLanguage":"de","@id":"https:\/\/www.frimeca.ch\/de\/#\/schema\/logo\/image\/","url":"https:\/\/www.frimeca.ch\/wp-content\/uploads\/2024\/09\/Logo-Frimeca-identite-du-site.webp","contentUrl":"https:\/\/www.frimeca.ch\/wp-content\/uploads\/2024\/09\/Logo-Frimeca-identite-du-site.webp","width":512,"height":512,"caption":"Frimeca - centre de formation"},"image":{"@id":"https:\/\/www.frimeca.ch\/de\/#\/schema\/logo\/image\/"}}]}},"_links":{"self":[{"href":"https:\/\/www.frimeca.ch\/de\/wp-json\/wp\/v2\/pages\/4722","targetHints":{"allow":["GET"]}}],"collection":[{"href":"https:\/\/www.frimeca.ch\/de\/wp-json\/wp\/v2\/pages"}],"about":[{"href":"https:\/\/www.frimeca.ch\/de\/wp-json\/wp\/v2\/types\/page"}],"author":[{"embeddable":true,"href":"https:\/\/www.frimeca.ch\/de\/wp-json\/wp\/v2\/users\/1"}],"replies":[{"embeddable":true,"href":"https:\/\/www.frimeca.ch\/de\/wp-json\/wp\/v2\/comments?post=4722"}],"version-history":[{"count":0,"href":"https:\/\/www.frimeca.ch\/de\/wp-json\/wp\/v2\/pages\/4722\/revisions"}],"wp:attachment":[{"href":"https:\/\/www.frimeca.ch\/de\/wp-json\/wp\/v2\/media?parent=4722"}],"curies":[{"name":"wp","href":"https:\/\/api.w.org\/{rel}","templated":true}]}}